{"id":581,"date":"2026-04-20T23:02:06","date_gmt":"2026-04-20T21:02:06","guid":{"rendered":"https:\/\/llefia.org\/santjordi\/?page_id=581"},"modified":"2026-04-20T23:02:06","modified_gmt":"2026-04-20T21:02:06","slug":"las-lagrimas-de-minerva","status":"publish","type":"page","link":"https:\/\/llefia.org\/santjordi\/las-lagrimas-de-minerva\/","title":{"rendered":"Las l\u00e1grimas de Minerva"},"content":{"rendered":"\n<p>Estimados mortales:<br>Ruego me prest\u00e9is atenci\u00f3n. \u00a1S\u00ed, me dirijo a vosotros! Lo que vengo a vaticinaros no saldr\u00e1 de este audit\u00f3rium. Soy uno de los escasos or\u00e1culos ancestrales que resiste en este agonizante mundo moderno. Estoy aqu\u00ed para trasladaros dos predicciones: una perjudicial y otra favorable. T\u00edpico, \u00bfverdad? De hecho son la misma, una es causa y la otra su consecuencia. \u00bfPor cu\u00e1l prefer\u00eds que comience? Intuyo que por la primera.<br>La da\u00f1ina es que Minerva se desvanece. \u00bfQue qui\u00e9n es Minerva? \u00a1Es improbable que no lo sep\u00e1is! Ella s\u00ed os recuerda y vuelve a vigilaros a trav\u00e9s de su perpetua mirada avizora. Su leg\u00edtimo nombre es Palas Atenea, la diosa griega que naci\u00f3 de la cabeza de Zeus, liber\u00e1ndolo de un insufrible dolor de cabeza gracias a un certero hachazo del dios Hefesto. Es la diosa de la sabidur\u00eda, la inteligencia, las ciencias, las artes y la justicia. Por estas tierras de Baetulo tambi\u00e9n es conocida como Minerva, su equivalente romano. La ten\u00e9is representada en una estatua de estuco de m\u00e1rmol en la biblioteca de Can Casacuberta, aguardando a sus lectores y estudiantes. Es por ello que hace tiempo que no la ve\u00edais\u2026<br>Ha estado llorando en soledad. Lo cierto es que sus l\u00e1grimas eran goteras que, sin cesar, han agrietado su esbelta e imponente figura. Y acabar\u00e1 por despedazarse.<br>\u00a1Tranquilos! Recordad que resta la noticia positiva. No sin antes ilustraros un tanto m\u00e1s sobre qu\u00e9 representa Atenea para vuestra ciudad. \u00bfY por qu\u00e9 a vosotros? Ella permaneci\u00f3 alojada bajo este techo durante un tiempo. S\u00ed, aqu\u00ed en Torre Mena. Pero empecemos por el principio.<br>El creador de la escultura, Ram\u00f3n Isern, la complet\u00f3 en 1953. Lo hizo en una mezcla de cemento, barro y polvo de m\u00e1rmol y no en ning\u00fan otro material noble (y ya ver\u00e9is por qu\u00e9). Atenea presidi\u00f3 a partir de entonces la entrada de la primera biblioteca p\u00fablica de la ciudad inaugurada en 1929 en la calle Temple. En 1994 se demoli\u00f3 la biblioteca pues, en la jornada de Sant Jordi del 92, se hubo estrenado la de Can Casacuberta en una antigua factor\u00eda textil. Vuestra dama fue trasladada por mediaci\u00f3n del Museo de Badalona a este edificio, donde ahora os cobij\u00e1is. En sus primeros a\u00f1os aqu\u00ed, ennobleci\u00f3 el vest\u00edbulo de la entrada pero m\u00e1s tarde se las ingeni\u00f3 para recluirse en la buhardilla, en su primera etapa de aislamiento. Tiempo despu\u00e9s fue rescatada para su restauraci\u00f3n y regres\u00f3 a su h\u00e1bitat natural: una biblioteca. La de Can Casacuberta. As\u00ed, volvi\u00f3 a ejercer como guardiana del conocimiento.<br>Si traz\u00e1is en un mapa las tres l\u00edneas rectas que unen los puntos de las tres ubicaciones de Minerva, podr\u00e9is descubrir un tri\u00e1ngulo sagrado donde se cruza con lo m\u00e1s importante de Badalona relacionado con el s\u00e9ptimo arte, el deporte y la pol\u00edtica. \u00a1Comprobadlo!<br>Como os refer\u00eda, Palas Atenea persiste en Can Casacuberta tras su \u00faltimo retiro solitario, sentenciada por las humedades y las goteras que han castigado sin piedad su imagen. Esas l\u00e1grimas que terminar\u00e1n por desquebrajarla y hacerla a\u00f1icos.<br>Y ahora s\u00ed, la repercusi\u00f3n beneficiosa. Consecuencia de la rotura de la estatua se desvelar\u00e1 lo que guarda en su interior. No os exagero si os digo que ser\u00e1 el descubrimiento del a\u00f1o; m\u00e1s bien del siglo. El escultor no emple\u00f3 esa materia prima por falta de presupuesto. Esa fue la versi\u00f3n oficial. Su intenci\u00f3n consisti\u00f3 en que un d\u00eda \u2014muy cercano ya\u2014 Atenea revelara la verdad que custodia dentro. La escultura original solo desaparecer\u00e1 f\u00edsicamente pero mutar\u00e1 en un s\u00edmbolo universal. Estuvo a punto de conocerse en el traslado a la buhardilla de Torre Mena, cuando casi se rompe por las escaleras. Pero no era su momento.<br>No pod\u00e9is cambiar el destino de Minerva pues evitar\u00edais el hallazgo que recorrer\u00e1 todo el orbe terrestre. S\u00e9 que ansi\u00e1is conocer su secreto. Pero cuando salg\u00e1is de aqu\u00ed no recordareis nada de lo que os he revelado. \u00bfQue c\u00f3mo lo voy a hacer? \u00a1Por los dioses! \u00a1Soy un or\u00e1culo! De hecho, ya no lo record\u00e1is, \u00bfno es cierto? \u00a1Y eso que os lo he desvelado! Cre\u00e9is que no pero s\u00ed, lo he hecho. Incluso negareis haberme conocido. Ese es vuestro gran problema, que olvid\u00e1is pronto. Incluso lo que est\u00e1 por acontecer y se podr\u00eda evitar.<\/p>\n\n\n\n<p>\u00d3scar Lechuga Samper (\u00d3scar Green) (categoria adults)<\/p>\n","protected":false},"excerpt":{"rendered":"<p>Estimados mortales:Ruego me prest\u00e9is atenci\u00f3n. \u00a1S\u00ed, me dirijo a vosotros! Lo que vengo a vaticinaros no saldr\u00e1 de este audit\u00f3rium. Soy uno de los escasos or\u00e1culos ancestrales que resiste en este agonizante mundo moderno. Estoy aqu\u00ed para trasladaros dos predicciones: una perjudicial y otra favorable. T\u00edpico, \u00bfverdad? De hecho son la misma, una es causa y la otra su consecuencia. \u00bfPor cu\u00e1l prefer\u00eds que comience? Intuyo que por la primera.La<\/p>\n<a href=\"https:\/\/llefia.org\/santjordi\/las-lagrimas-de-minerva\/\"> <div class=\"readmorelink\"><div class=\"rmtext\">[ Read More ]<\/div><\/div><\/a>","protected":false},"author":15,"featured_media":0,"parent":0,"menu_order":0,"comment_status":"closed","ping_status":"closed","template":"","meta":[],"_links":{"self":[{"href":"https:\/\/llefia.org\/santjordi\/wp-json\/wp\/v2\/pages\/581"}],"collection":[{"href":"https:\/\/llefia.org\/santjordi\/wp-json\/wp\/v2\/pages"}],"about":[{"href":"https:\/\/llefia.org\/santjordi\/wp-json\/wp\/v2\/types\/page"}],"author":[{"embeddable":true,"href":"https:\/\/llefia.org\/santjordi\/wp-json\/wp\/v2\/users\/15"}],"replies":[{"embeddable":true,"href":"https:\/\/llefia.org\/santjordi\/wp-json\/wp\/v2\/comments?post=581"}],"version-history":[{"count":1,"href":"https:\/\/llefia.org\/santjordi\/wp-json\/wp\/v2\/pages\/581\/revisions"}],"predecessor-version":[{"id":582,"href":"https:\/\/llefia.org\/santjordi\/wp-json\/wp\/v2\/pages\/581\/revisions\/582"}],"wp:attachment":[{"href":"https:\/\/llefia.org\/santjordi\/wp-json\/wp\/v2\/media?parent=581"}],"curies":[{"name":"wp","href":"https:\/\/api.w.org\/{rel}","templated":true}]}}