{"id":168,"date":"2012-07-01T10:23:22","date_gmt":"2012-07-01T10:23:22","guid":{"rendered":"http:\/\/llefia.org\/blog\/forum\/?page_id=168"},"modified":"2024-07-07T14:35:42","modified_gmt":"2024-07-07T14:35:42","slug":"documents","status":"publish","type":"page","link":"https:\/\/llefia.org\/wpforum\/documents\/","title":{"rendered":"Documents Videos"},"content":{"rendered":"\n<h2><strong>&gt;&gt;Documents i videos XXIII F\u00f2rum TIC Social 2024<\/strong><\/h2>\n\n\n\n<p><strong>Impacte social de la Intel\u00b7lig\u00e8ncia Artificial<\/strong> xerrada col\u00b7loqui amb &nbsp;<strong><a rel=\"noreferrer noopener\" href=\"https:\/\/mobile.x.com\/interacciones\" target=\"_blank\">Ariel Guersenzvaig<\/a>,&nbsp;<a rel=\"noreferrer noopener\" href=\"https:\/\/x.com\/xaviviro\" target=\"_blank\">Xavier Vinaixa<\/a>&nbsp;i&nbsp;<a rel=\"noreferrer noopener\" href=\"https:\/\/x.com\/drpicox\" target=\"_blank\">David Rodenas<\/a>.<\/strong><\/p>\n\n\n\n<figure class=\"wp-block-embed is-type-video is-provider-youtube wp-block-embed-youtube wp-embed-aspect-16-9 wp-has-aspect-ratio\"><div class=\"wp-block-embed__wrapper\">\n<iframe loading=\"lazy\" title=\"Impacte social de la Intel\u00b7lig\u00e8ncia Artificial\" width=\"500\" height=\"281\" src=\"https:\/\/www.youtube.com\/embed\/ANb5-zBcGL0?feature=oembed\" frameborder=\"0\" allow=\"accelerometer; autoplay; clipboard-write; encrypted-media; gyroscope; picture-in-picture; web-share\" referrerpolicy=\"strict-origin-when-cross-origin\" allowfullscreen><\/iframe>\n<\/div><\/figure>\n\n\n\n<p><\/p>\n\n\n\n<p><a rel=\"noreferrer noopener\" href=\"https:\/\/llefia.org\/wpforum\/wp-content\/uploads\/sites\/10\/2023\/07\/Presentacio_Badalona-a-lespai.pdf\" target=\"_blank\"><img loading=\"lazy\" width=\"26\" height=\"25\" src=\"https:\/\/llefia.org\/wpforum\/wp-content\/uploads\/sites\/10\/2012\/07\/pdf_icon.png\" alt=\"\"><\/a> <strong><a rel=\"noreferrer noopener\" href=\"https:\/\/llefia.org\/wpforum\/wp-content\/uploads\/sites\/10\/2024\/07\/PresentacioAixecaelcapLlefia2024.pdf\" target=\"_blank\">Pantalles a les escoles?<\/a> <a rel=\"noreferrer noopener\" href=\"https:\/\/llefia.org\/wpforum\/wp-content\/uploads\/sites\/10\/2024\/07\/PresentacioAixecaelcapLlefia2024.pdf\" target=\"_blank\">quin \u00e9s el seu preu?<\/a><\/strong> a c\u00e0rrec de <strong>Marina Gispert <\/strong> membre de la plataforma <a rel=\"noreferrer noopener\" href=\"https:\/\/aixecaelcap.cat\/\" target=\"_blank\" class=\"broken_link\">Aixeca el cap<\/a> <strong> <\/strong>plataforma per un \u00fas responsable i regulat de les pantalles.<\/p>\n\n\n\n<figure class=\"wp-block-embed is-type-video is-provider-youtube wp-block-embed-youtube wp-embed-aspect-16-9 wp-has-aspect-ratio\"><div class=\"wp-block-embed__wrapper\">\n<iframe loading=\"lazy\" title=\"Pantalles a les escoles? quin \u00e9s el seu preu?\" width=\"500\" height=\"281\" src=\"https:\/\/www.youtube.com\/embed\/2a0cJcKTM1c?feature=oembed\" frameborder=\"0\" allow=\"accelerometer; autoplay; clipboard-write; encrypted-media; gyroscope; picture-in-picture; web-share\" referrerpolicy=\"strict-origin-when-cross-origin\" allowfullscreen><\/iframe>\n<\/div><\/figure>\n\n\n\n<p><\/p>\n\n\n\n<p><a rel=\"noreferrer noopener\" href=\"https:\/\/llefia.org\/wpforum\/wp-content\/uploads\/sites\/10\/2023\/07\/Presentacio_Badalona-a-lespai.pdf\" target=\"_blank\"><img loading=\"lazy\" width=\"26\" height=\"25\" src=\"https:\/\/llefia.org\/wpforum\/wp-content\/uploads\/sites\/10\/2012\/07\/pdf_icon.png\" alt=\"\"><\/a><strong><a rel=\"noreferrer noopener\" href=\"https:\/\/llefia.org\/wpforum\/wp-content\/uploads\/sites\/10\/2024\/07\/PresentacioAixecaelcapLlefia2024.pdf\" target=\"_blank\">Troba el que busques<\/a><\/strong> a c\u00e0rrec de <strong>David G\u00f3mez<\/strong>&nbsp;membre de l\u2019<a href=\"http:\/\/ateneubnord.cat\/\" class=\"broken_link\">Ateneu Cooperatiu del Barcelon\u00e8s Nord<\/a><\/p>\n\n\n\n<figure class=\"wp-block-embed is-type-video is-provider-youtube wp-block-embed-youtube wp-embed-aspect-16-9 wp-has-aspect-ratio\"><div class=\"wp-block-embed__wrapper\">\n<iframe loading=\"lazy\" title=\"Troba el que busques! mapa de l\u2019economia social i solid\u00e0ria i les iniciatives de cultura Perif\u00e8rica\" width=\"500\" height=\"281\" src=\"https:\/\/www.youtube.com\/embed\/vv4x1FWH28w?feature=oembed\" frameborder=\"0\" allow=\"accelerometer; autoplay; clipboard-write; encrypted-media; gyroscope; picture-in-picture; web-share\" referrerpolicy=\"strict-origin-when-cross-origin\" allowfullscreen><\/iframe>\n<\/div><\/figure>\n\n\n\n<p><\/p>\n\n\n\n<p><img loading=\"lazy\" width=\"24\" height=\"24\" class=\"wp-image-1973\" src=\"https:\/\/llefia.org\/wpforum\/wp-content\/uploads\/sites\/10\/2024\/07\/gitlab.png\" alt=\"\"><strong><a rel=\"noreferrer noopener\" href=\"https:\/\/github.com\/ProjEntBdn\/repositori_central\" target=\"_blank\">Coneixes el teixit associatiu de Badalona?<\/a><\/strong> a c\u00e0rrec de &nbsp;<strong>Jos\u00e9 Enrique S\u00e1nchez Moral<\/strong>, impulsor del&nbsp;<a rel=\"noreferrer noopener\" href=\"https:\/\/x.com\/ProjEntBdn\" target=\"_blank\">projecte Entitats de Badalona<\/a>, projecte dedicat a actualitzar i fer accessible la informaci\u00f3 de les entitats de Badalona.<\/p>\n\n\n\n<figure class=\"wp-block-embed is-type-video is-provider-youtube wp-block-embed-youtube wp-embed-aspect-16-9 wp-has-aspect-ratio\"><div class=\"wp-block-embed__wrapper\">\n<iframe loading=\"lazy\" title=\"Coneixes el teixit associatiu de Badalona?\" width=\"500\" height=\"281\" src=\"https:\/\/www.youtube.com\/embed\/WR9W7TOtBDI?feature=oembed\" frameborder=\"0\" allow=\"accelerometer; autoplay; clipboard-write; encrypted-media; gyroscope; picture-in-picture; web-share\" referrerpolicy=\"strict-origin-when-cross-origin\" allowfullscreen><\/iframe>\n<\/div><\/figure>\n\n\n\n<p><\/p>\n\n\n\n<p><strong>Presentaci\u00f3 del XXIV F\u00f2rum TIC Social 2024<\/strong><\/p>\n\n\n\n<figure class=\"wp-block-embed is-type-video is-provider-youtube wp-block-embed-youtube wp-embed-aspect-16-9 wp-has-aspect-ratio\"><div class=\"wp-block-embed__wrapper\">\n<iframe loading=\"lazy\" title=\"Presentaci\u00f3 XXIV F\u00f2rum TIC Social de Badalona\" width=\"500\" height=\"281\" src=\"https:\/\/www.youtube.com\/embed\/IBrvYIpTank?feature=oembed\" frameborder=\"0\" allow=\"accelerometer; autoplay; clipboard-write; encrypted-media; gyroscope; picture-in-picture; web-share\" referrerpolicy=\"strict-origin-when-cross-origin\" allowfullscreen><\/iframe>\n<\/div><\/figure>\n\n\n\n<p><\/p>\n\n\n\n<h2><strong>&gt;&gt;Documents i videos XXIII F\u00f2rum TIC Social 2023<\/strong><\/h2>\n\n\n\n<div class=\"wp-block-image\"><figure class=\"alignleft is-resized\"><a href=\"https:\/\/llefia.org\/wpforum\/wp-content\/uploads\/sites\/10\/2023\/07\/Mapeig-Ciutada-Forum-2023.odp\" target=\"_blank\" rel=\"noreferrer noopener\"><img loading=\"lazy\" src=\"https:\/\/llefia.org\/wpforum\/wp-content\/uploads\/sites\/10\/2012\/07\/images.jpg\" alt=\"\" width=\"22\" height=\"27\"\/><\/a><\/figure><\/div>\n\n\n\n<p><strong><a href=\"https:\/\/llefia.org\/wpforum\/wp-content\/uploads\/sites\/10\/2023\/07\/Mapeig-Ciutada-Forum-2023.odp\" target=\"_blank\" rel=\"noreferrer noopener\">Mapeig ciutad\u00e0<\/a><\/strong>, a c\u00e0rrec de Jos\u00e9 Luis Infante<\/p>\n\n\n\n<figure class=\"wp-block-embed is-type-video is-provider-youtube wp-block-embed-youtube wp-embed-aspect-16-9 wp-has-aspect-ratio\"><div class=\"wp-block-embed__wrapper\">\n<iframe loading=\"lazy\" title=\"Taller mapeig ciutad\u00e0\" width=\"500\" height=\"281\" src=\"https:\/\/www.youtube.com\/embed\/TcZDEoMl9RY?feature=oembed\" frameborder=\"0\" allow=\"accelerometer; autoplay; clipboard-write; encrypted-media; gyroscope; picture-in-picture; web-share\" referrerpolicy=\"strict-origin-when-cross-origin\" allowfullscreen><\/iframe>\n<\/div><\/figure>\n\n\n\n<p><\/p>\n\n\n\n<p><a href=\"https:\/\/llefia.org\/wpforum\/wp-content\/uploads\/sites\/10\/2023\/07\/Presentacio_Badalona-a-lespai.pdf\" target=\"_blank\" rel=\"noreferrer noopener\"><img loading=\"lazy\" width=\"26\" height=\"25\" src=\"https:\/\/llefia.org\/wpforum\/wp-content\/uploads\/sites\/10\/2012\/07\/pdf_icon.png\" alt=\"\"><\/a> <strong><a rel=\"noreferrer noopener\" href=\"https:\/\/llefia.org\/wpforum\/wp-content\/uploads\/sites\/10\/2023\/07\/Presentacio_Badalona-a-lespai.pdf\" target=\"_blank\">Badalona a l&#8217;espai<\/a><\/strong>, a c\u00e0rrec de l&#8217;Institut La Pineda (Jordi Moreno, Marina Blanco i Adri\u00e0 Gil)<\/p>\n\n\n\n<figure class=\"wp-block-embed is-type-video is-provider-youtube wp-block-embed-youtube wp-embed-aspect-16-9 wp-has-aspect-ratio\"><div class=\"wp-block-embed__wrapper\">\n<iframe loading=\"lazy\" title=\"Badalona a l&#039;espai\" width=\"500\" height=\"281\" src=\"https:\/\/www.youtube.com\/embed\/7pmR_T-C2iE?feature=oembed\" frameborder=\"0\" allow=\"accelerometer; autoplay; clipboard-write; encrypted-media; gyroscope; picture-in-picture; web-share\" referrerpolicy=\"strict-origin-when-cross-origin\" allowfullscreen><\/iframe>\n<\/div><\/figure>\n\n\n\n<p><\/p>\n\n\n\n<p><img loading=\"lazy\" width=\"26\" height=\"25\" src=\"https:\/\/llefia.org\/wpforum\/wp-content\/uploads\/sites\/10\/2012\/07\/pdf_icon.png\" alt=\"\"><strong><a href=\"https:\/\/llefia.org\/wpforum\/wp-content\/uploads\/sites\/10\/2023\/07\/Videojocs_feminisme.pdf\" target=\"_blank\" rel=\"noreferrer noopener\"> <\/a><a rel=\"noreferrer noopener\" href=\"https:\/\/llefia.org\/wpforum\/wp-content\/uploads\/sites\/10\/2023\/07\/Videojocs_feminisme.pdf\" target=\"_blank\">Videojocs amb perspectiva feminista<\/a><\/strong>, &#8220;Avisa&#8217;ns quan arribis&#8221;, a c\u00e0rrec de Sara Mart\u00ed<\/p>\n\n\n\n<figure class=\"wp-block-embed is-type-video is-provider-youtube wp-block-embed-youtube wp-embed-aspect-16-9 wp-has-aspect-ratio\"><div class=\"wp-block-embed__wrapper\">\n<iframe loading=\"lazy\" title=\"Videojocs amb perspectiva feminista\" width=\"500\" height=\"281\" src=\"https:\/\/www.youtube.com\/embed\/T8EYmbDTPm4?feature=oembed\" frameborder=\"0\" allow=\"accelerometer; autoplay; clipboard-write; encrypted-media; gyroscope; picture-in-picture; web-share\" referrerpolicy=\"strict-origin-when-cross-origin\" allowfullscreen><\/iframe>\n<\/div><\/figure>\n\n\n\n<p>Tr\u00e0iler videojoc Avisa&#8217;ns quan arribis<\/p>\n\n\n\n<figure class=\"wp-block-embed is-type-video is-provider-youtube wp-block-embed-youtube wp-embed-aspect-16-9 wp-has-aspect-ratio\"><div class=\"wp-block-embed__wrapper\">\n<iframe loading=\"lazy\" title=\"Avisa&#039;ns quan arribis - Tr\u00e0iler\" width=\"500\" height=\"281\" src=\"https:\/\/www.youtube.com\/embed\/v305Ic0rfIQ?feature=oembed\" frameborder=\"0\" allow=\"accelerometer; autoplay; clipboard-write; encrypted-media; gyroscope; picture-in-picture; web-share\" referrerpolicy=\"strict-origin-when-cross-origin\" allowfullscreen><\/iframe>\n<\/div><\/figure>\n\n\n\n<h2><strong>&gt;&gt;Documents i videos XXII F\u00f2rum TIC Social 2022<\/strong><\/h2>\n\n\n\n<p><a rel=\"noopener noreferrer\" href=\"https:\/\/llefia.org\/wpforum\/wp-content\/uploads\/sites\/10\/2020\/07\/CESI-Llefi@NET-11_07_2020.pdf\" target=\"_blank\"><img loading=\"lazy\" width=\"26\" height=\"25\" src=\"https:\/\/llefia.org\/wpforum\/wp-content\/uploads\/sites\/10\/2012\/07\/pdf_icon.png\" alt=\"\"><\/a> <a rel=\"noopener\" href=\"https:\/\/llefia.org\/wpforum\/wp-content\/uploads\/sites\/10\/2022\/10\/Algorismes_i_IA_a-_la_vida_quotidiana.pdf\" target=\"_blank\"><strong>Algorismes i Intel\u00b7lig\u00e8ncia Artificial<\/strong>, influ\u00e8ncia en la vida quotidiana<\/a>, a c\u00e0rrec de David Rodenas<\/p>\n\n\n\n<figure class=\"wp-block-embed is-type-video is-provider-youtube wp-block-embed-youtube wp-embed-aspect-16-9 wp-has-aspect-ratio\"><div class=\"wp-block-embed__wrapper\">\n<iframe loading=\"lazy\" title=\"Algorismes i  Intelig\u00e8ncia Artificial, influ\u00e8ncia en la vida quotidiana\" width=\"500\" height=\"281\" src=\"https:\/\/www.youtube.com\/embed\/upaWcMYUFdw?feature=oembed\" frameborder=\"0\" allow=\"accelerometer; autoplay; clipboard-write; encrypted-media; gyroscope; picture-in-picture; web-share\" referrerpolicy=\"strict-origin-when-cross-origin\" allowfullscreen><\/iframe>\n<\/div><\/figure>\n\n\n\n<p><\/p>\n\n\n\n<p><a rel=\"noopener noreferrer\" href=\"https:\/\/llefia.org\/wpforum\/wp-content\/uploads\/sites\/10\/2020\/07\/CESI-Llefi@NET-11_07_2020.pdf\" target=\"_blank\"><img loading=\"lazy\" width=\"26\" height=\"25\" src=\"https:\/\/llefia.org\/wpforum\/wp-content\/uploads\/sites\/10\/2012\/07\/pdf_icon.png\" alt=\"\"><\/a> <a rel=\"noreferrer noopener\" href=\"https:\/\/llefia.org\/wpforum\/wp-content\/uploads\/sites\/10\/2022\/10\/Viure-a-Mart-Llefi@Net.pdf\" target=\"_blank\"><strong>Treball de Recerca de Llefi\u00e0 a Mart<\/strong><\/a>, tecnologia per a establir col\u00f2nia a Mart, a c\u00e0rrec de Roger Bitlloch.<\/p>\n\n\n\n<figure class=\"wp-block-embed is-type-video is-provider-youtube wp-block-embed-youtube wp-embed-aspect-16-9 wp-has-aspect-ratio\"><div class=\"wp-block-embed__wrapper\">\n<iframe loading=\"lazy\" title=\"Treball Recerca de Llefi\u00e0 a Mart, tecnologia per a establir col\u00f2nia a Mart\" width=\"500\" height=\"281\" src=\"https:\/\/www.youtube.com\/embed\/RtBzCDPCdOw?feature=oembed\" frameborder=\"0\" allow=\"accelerometer; autoplay; clipboard-write; encrypted-media; gyroscope; picture-in-picture; web-share\" referrerpolicy=\"strict-origin-when-cross-origin\" allowfullscreen><\/iframe>\n<\/div><\/figure>\n\n\n\n<p><\/p>\n\n\n\n<p><a rel=\"noopener noreferrer\" href=\"https:\/\/llefia.org\/wpforum\/wp-content\/uploads\/sites\/10\/2020\/07\/CESI-Llefi@NET-11_07_2020.pdf\" target=\"_blank\"><img loading=\"lazy\" width=\"26\" height=\"25\" src=\"https:\/\/llefia.org\/wpforum\/wp-content\/uploads\/sites\/10\/2012\/07\/pdf_icon.png\" alt=\"\"><\/a><a rel=\"noreferrer noopener\" href=\"https:\/\/llefia.org\/wpforum\/wp-content\/uploads\/sites\/10\/2022\/10\/Llefi@Net-Lexperiencia-de-construir-se-un-Dron.pdf\" target=\"_blank\"> <\/a><a rel=\"noreferrer noopener\" href=\"https:\/\/llefia.org\/wpforum\/wp-content\/uploads\/sites\/10\/2022\/10\/Llefi@Net-Lexperiencia-de-construir-se-un-Dron.pdf\" target=\"_blank\"><strong>C<\/strong><\/a><a rel=\"noreferrer noopener\" href=\"https:\/\/llefia.org\/wpforum\/wp-content\/uploads\/sites\/10\/2022\/10\/Llefi@Net-Lexperiencia-de-construir-se-un-Dron.pdf\" target=\"_blank\"><strong>onstrueix el teu dron<\/strong><\/a>, a c\u00e0rrec de Joan Bitlloch.<\/p>\n\n\n\n<figure class=\"wp-block-embed is-type-video is-provider-youtube wp-block-embed-youtube wp-embed-aspect-16-9 wp-has-aspect-ratio\"><div class=\"wp-block-embed__wrapper\">\n<iframe loading=\"lazy\" title=\"Construeix el teu dron\" width=\"500\" height=\"281\" src=\"https:\/\/www.youtube.com\/embed\/OxCDmUcSUh4?feature=oembed\" frameborder=\"0\" allow=\"accelerometer; autoplay; clipboard-write; encrypted-media; gyroscope; picture-in-picture; web-share\" referrerpolicy=\"strict-origin-when-cross-origin\" allowfullscreen><\/iframe>\n<\/div><\/figure>\n\n\n\n<p><\/p>\n\n\n\n<p>Carpa MSX: Presentaci\u00f3 de nou <a rel=\"noreferrer noopener\" href=\"https:\/\/msxvr.com\/\" target=\"_blank\">model MSX<\/a>, i nou videojoc dissenyat a Barcelona,<a rel=\"noreferrer noopener\" href=\"https:\/\/www.msxblog.es\/pampas-y-selene-nombre-en-clave-de-la-secuela-de-the-maze-of-galious\/\" target=\"_blank\" class=\"broken_link\">Pampas y Selenne<\/a>.<\/p>\n\n\n\n<h2><strong>&gt;&gt;Documents i videos XXII F\u00f2rum TIC Social 2021<\/strong><\/h2>\n\n\n\n<figure class=\"wp-block-embed is-type-video is-provider-youtube wp-block-embed-youtube wp-embed-aspect-16-9 wp-has-aspect-ratio\"><div class=\"wp-block-embed__wrapper\">\n<iframe loading=\"lazy\" title=\"Presentaci\u00f3 #Cam\u00edLila Urbanisme amb ulls de dona\" width=\"500\" height=\"281\" src=\"https:\/\/www.youtube.com\/embed\/bEV89seouVk?feature=oembed\" frameborder=\"0\" allow=\"accelerometer; autoplay; clipboard-write; encrypted-media; gyroscope; picture-in-picture; web-share\" referrerpolicy=\"strict-origin-when-cross-origin\" allowfullscreen><\/iframe>\n<\/div><\/figure>\n\n\n\n<p><\/p>\n\n\n<p><a href=\"http:\/\/camilila.llefia.org\" target=\"_blank\" rel=\"noopener\"><img loading=\"lazy\" class=\"alignnone\" src=\"https:\/\/cdn-icons-png.flaticon.com\/512\/535\/535239.png\" alt=\"Location free icon\" width=\"34\" height=\"34\"><\/a>Mapa interactiu: <a href=\"https:\/\/llefia.org\/camilila\/\" target=\"_blank\" rel=\"noopener\">camilila.llefia.org<\/a><\/p>\n<p><a href=\"https:\/\/llefia.org\/wpforum\/wp-content\/uploads\/sites\/10\/2020\/07\/CESI-Llefi@NET-11_07_2020.pdf\" target=\"_blank\" rel=\"noopener noreferrer\"><img loading=\"lazy\" src=\"https:\/\/llefia.org\/wpforum\/wp-content\/uploads\/sites\/10\/2012\/07\/pdf_icon.png\" alt=\"\" width=\"26\" height=\"25\"><\/a> <a href=\"https:\/\/llefia.org\/wpforum\/wp-content\/uploads\/sites\/10\/2021\/10\/Cami-lila_comprimit.pdf\" target=\"_blank\" rel=\"noopener\">Presentaci\u00f3 #Cam\u00edLila<\/a><\/p>\n<p><img loading=\"lazy\" class=\"alignnone\" src=\"https:\/\/pbs.twimg.com\/profile_images\/1335902297654779907\/FtfCmzcp_400x400.jpg\" alt=\"El Peri\u00f3dico (@elperiodico) \" width=\"34\" height=\"34\"><a href=\"https:\/\/www.elperiodico.cat\/ca\/societat\/20211016\/cami-lila-badalona-projecte-12268086?utm_source=twitter-dogtrack&amp;utm_medium=social&amp;utm_campaign=elperiodico_cat\" target=\"_blank\" rel=\"noopener\"> El Cam\u00ed Lila es fa realitat a Badalona&nbsp;<\/a><\/p>\n<p><img loading=\"lazy\" class=\"\" src=\"https:\/\/independentbadalona.cat\/setmanari\/images\/logo_mini.jpg\" alt=\"Independent de Badalona mini logo\" width=\"37\" height=\"37\">&nbsp;<a href=\"https:\/\/independentbadalona.cat\/setmanari\/noticia\/983-el-grup-dones-de-llefia-presenta-un-mapa-interactiu-amb-els-punts-del-barri-de-mes-inseguretat-davant-possibles-agressions-sexuals-i-dificultats-en-el-desplacament-de-persones-amb-mobilitat-reduida\" target=\"_blank\" rel=\"noopener\" class=\"broken_link\">El Grup Dones de Llefi\u00e0 presenta un mapa interactiu amb els punts del barri de m\u00e9s inseguretat davant possibles agressions sexuals i dificultats en el despla\u00e7ament de persones amb mobilitat redu\u00efda<\/a><\/p>\n<h2><strong>&gt;&gt;Documents i videos XX F\u00f2rum TIC Social 2020<\/strong><\/h2>\n<p><a href=\"https:\/\/llefia.org\/wpforum\/wp-content\/uploads\/sites\/10\/2020\/07\/CESI-Llefi@NET-11_07_2020.pdf\" target=\"_blank\" rel=\"noopener noreferrer\"><img loading=\"lazy\" src=\"https:\/\/llefia.org\/wpforum\/wp-content\/uploads\/sites\/10\/2012\/07\/pdf_icon.png\" alt=\"\" width=\"26\" height=\"25\"> Cap estudiant sense Internet<\/a>, Matar\u00f3 Sense Fils<\/p>\n\n\n<figure class=\"wp-block-embed is-type-video is-provider-youtube wp-block-embed-youtube wp-embed-aspect-16-9 wp-has-aspect-ratio\"><div class=\"wp-block-embed__wrapper\">\n<iframe loading=\"lazy\" title=\"#CapEstudiantSenseInternet Matar\u00f3 Sense Fils\" width=\"500\" height=\"281\" src=\"https:\/\/www.youtube.com\/embed\/X4KTEJYdYF4?feature=oembed\" frameborder=\"0\" allow=\"accelerometer; autoplay; clipboard-write; encrypted-media; gyroscope; picture-in-picture; web-share\" referrerpolicy=\"strict-origin-when-cross-origin\" allowfullscreen><\/iframe>\n<\/div><\/figure>\n\n\n\n<figure class=\"wp-block-embed is-type-video is-provider-youtube wp-block-embed-youtube wp-embed-aspect-16-9 wp-has-aspect-ratio\"><div class=\"wp-block-embed__wrapper\">\n<iframe loading=\"lazy\" title=\"#BadalonaMakers davant el Covid19\" width=\"500\" height=\"281\" src=\"https:\/\/www.youtube.com\/embed\/FfmQkUkPueI?feature=oembed\" frameborder=\"0\" allow=\"accelerometer; autoplay; clipboard-write; encrypted-media; gyroscope; picture-in-picture; web-share\" referrerpolicy=\"strict-origin-when-cross-origin\" allowfullscreen><\/iframe>\n<\/div><\/figure>\n\n\n<p><a title=\"Presentaci\u00f3 Grup d'usuaris per a la promoci\u00f3 del programari lliure de Llefi\u00e0-Badalona\" href=\"https:\/\/www.llefia.org\/forum\/docs\/2015\/Presentacio.odp\" target=\"_blank\" rel=\"noopener noreferrer\"><img loading=\"lazy\" src=\"https:\/\/llefia.org\/wpforum\/wp-content\/uploads\/sites\/10\/2012\/07\/images.jpg\" alt=\"\" width=\"22\" height=\"25\"><\/a><a href=\"https:\/\/llefia.org\/wpforum\/wp-content\/uploads\/sites\/10\/2020\/07\/PRESENTACIO_FORUM.pptx\" target=\"_blank\" rel=\"noopener noreferrer\"> ConnectaTIC<\/a><\/p>\n\n\n<figure class=\"wp-block-embed is-type-video is-provider-youtube wp-block-embed-youtube wp-embed-aspect-16-9 wp-has-aspect-ratio\"><div class=\"wp-block-embed__wrapper\">\n<iframe loading=\"lazy\" title=\"#ConnectaTIC\" width=\"500\" height=\"281\" src=\"https:\/\/www.youtube.com\/embed\/rm7U6Vpj63Y?feature=oembed\" frameborder=\"0\" allow=\"accelerometer; autoplay; clipboard-write; encrypted-media; gyroscope; picture-in-picture; web-share\" referrerpolicy=\"strict-origin-when-cross-origin\" allowfullscreen><\/iframe>\n<\/div><\/figure>\n\n\n<p><img loading=\"lazy\" src=\"https:\/\/llefia.org\/wpforum\/wp-content\/uploads\/sites\/10\/2012\/07\/pdf_icon.png\" alt=\"\" width=\"26\" height=\"25\"> <a href=\"https:\/\/llefia.org\/wpforum\/wp-content\/uploads\/sites\/10\/2020\/07\/Presentaci\u00f3-Openstreetmap-Llefi\u00e0.pdf\" target=\"_blank\" rel=\"noopener noreferrer\">Openstreetmap iniciatives contra la Covid19<\/a><\/p>\n\n\n<figure class=\"wp-block-embed is-type-video is-provider-youtube wp-block-embed-youtube wp-embed-aspect-16-9 wp-has-aspect-ratio\"><div class=\"wp-block-embed__wrapper\">\n<iframe loading=\"lazy\" title=\"#OSMCatala Iniciatives davant la Covid19\" width=\"500\" height=\"281\" src=\"https:\/\/www.youtube.com\/embed\/zH8j3YSbskE?feature=oembed\" frameborder=\"0\" allow=\"accelerometer; autoplay; clipboard-write; encrypted-media; gyroscope; picture-in-picture; web-share\" referrerpolicy=\"strict-origin-when-cross-origin\" allowfullscreen><\/iframe>\n<\/div><\/figure>\n\n\n<h2>&nbsp;<\/h2>\n<h2><strong>&gt;&gt;Documents i videos XIX F\u00f2rum TIC Social 2019<\/strong><\/h2>\n<p><img loading=\"lazy\" class=\"alignnone wp-image-281 \" src=\"https:\/\/llefia.org\/wpforum\/wp-content\/uploads\/sites\/10\/2012\/07\/icono-video-150x150.png\" alt=\"\" width=\"23\" height=\"23\" srcset=\"https:\/\/llefia.org\/wpforum\/wp-content\/uploads\/sites\/10\/2012\/07\/icono-video-150x150.png 150w, https:\/\/llefia.org\/wpforum\/wp-content\/uploads\/sites\/10\/2012\/07\/icono-video-300x300.png 300w, https:\/\/llefia.org\/wpforum\/wp-content\/uploads\/sites\/10\/2012\/07\/icono-video-100x100.png 100w, https:\/\/llefia.org\/wpforum\/wp-content\/uploads\/sites\/10\/2012\/07\/icono-video.png 512w\" sizes=\"(max-width: 23px) 100vw, 23px\" \/><b> #ApoderamentDigital, estrat\u00e8gies des dels municipis<\/b><\/p>\n<p><iframe loading=\"lazy\" src=\"https:\/\/www.youtube.com\/embed\/0DfC5E9NA_4\" width=\"373\" height=\"280\" frameborder=\"0\" allowfullscreen=\"allowfullscreen\"><\/iframe><\/p>\n<p><a href=\"https:\/\/apoderamentdigital.cat\/\" target=\"_blank\" rel=\"noopener noreferrer\">Presentaci\u00f3 Estrat\u00e8gies municipals per l&#8217;apoderament digital<\/a><\/p>\n<p><img loading=\"lazy\" class=\"alignnone wp-image-281 \" src=\"https:\/\/llefia.org\/wpforum\/wp-content\/uploads\/sites\/10\/2012\/07\/icono-video-150x150.png\" alt=\"\" width=\"23\" height=\"23\" srcset=\"https:\/\/llefia.org\/wpforum\/wp-content\/uploads\/sites\/10\/2012\/07\/icono-video-150x150.png 150w, https:\/\/llefia.org\/wpforum\/wp-content\/uploads\/sites\/10\/2012\/07\/icono-video-300x300.png 300w, https:\/\/llefia.org\/wpforum\/wp-content\/uploads\/sites\/10\/2012\/07\/icono-video-100x100.png 100w, https:\/\/llefia.org\/wpforum\/wp-content\/uploads\/sites\/10\/2012\/07\/icono-video.png 512w\" sizes=\"(max-width: 23px) 100vw, 23px\" \/><b> #TIC al barri<\/b><\/p>\n<p><iframe loading=\"lazy\" src=\"https:\/\/www.youtube.com\/embed\/lzTXLfL75gw\" width=\"373\" height=\"280\" frameborder=\"0\" allowfullscreen=\"allowfullscreen\"><\/iframe><\/p>\n<p><img loading=\"lazy\" src=\"https:\/\/llefia.org\/wpforum\/wp-content\/uploads\/sites\/10\/2012\/07\/pdf_icon.png\" alt=\"\" width=\"26\" height=\"25\"> <a href=\"https:\/\/drive.google.com\/file\/d\/1_n4MFV0BvfmjyrM4fhoMOL2edYyCVLZ9\/view?usp=sharing\" target=\"_blank\" rel=\"noopener noreferrer\">Presentaci\u00f3 TIC al barri<\/a><\/p>\n<p><img loading=\"lazy\" class=\"alignnone wp-image-281 \" src=\"https:\/\/llefia.org\/wpforum\/wp-content\/uploads\/sites\/10\/2012\/07\/icono-video-150x150.png\" alt=\"\" width=\"23\" height=\"23\" srcset=\"https:\/\/llefia.org\/wpforum\/wp-content\/uploads\/sites\/10\/2012\/07\/icono-video-150x150.png 150w, https:\/\/llefia.org\/wpforum\/wp-content\/uploads\/sites\/10\/2012\/07\/icono-video-300x300.png 300w, https:\/\/llefia.org\/wpforum\/wp-content\/uploads\/sites\/10\/2012\/07\/icono-video-100x100.png 100w, https:\/\/llefia.org\/wpforum\/wp-content\/uploads\/sites\/10\/2012\/07\/icono-video.png 512w\" sizes=\"(max-width: 23px) 100vw, 23px\" \/><b> #GeochicasOSM<\/b><\/p>\n<p><iframe loading=\"lazy\" src=\"https:\/\/www.youtube.com\/embed\/gQBe1fFcCfI\" width=\"373\" height=\"280\" frameborder=\"0\" allowfullscreen=\"allowfullscreen\"><\/iframe><\/p>\n<p><img loading=\"lazy\" src=\"https:\/\/llefia.org\/wpforum\/wp-content\/uploads\/sites\/10\/2012\/07\/pdf_icon.png\" alt=\"\" width=\"26\" height=\"25\"> <a href=\"https:\/\/drive.google.com\/file\/d\/0B2CTwLL8LM-HNXY5RV8yZkdBeVhxQUN2OTJ5Q3Y1UGZBMkZF\/view?usp=sharing\" target=\"_blank\" rel=\"noopener noreferrer\">Presentaci\u00f3 GeochicasOSM<\/a><\/p>\n<p><img loading=\"lazy\" class=\"alignnone wp-image-281 \" src=\"https:\/\/llefia.org\/wpforum\/wp-content\/uploads\/sites\/10\/2012\/07\/icono-video-150x150.png\" alt=\"\" width=\"23\" height=\"23\" srcset=\"https:\/\/llefia.org\/wpforum\/wp-content\/uploads\/sites\/10\/2012\/07\/icono-video-150x150.png 150w, https:\/\/llefia.org\/wpforum\/wp-content\/uploads\/sites\/10\/2012\/07\/icono-video-300x300.png 300w, https:\/\/llefia.org\/wpforum\/wp-content\/uploads\/sites\/10\/2012\/07\/icono-video-100x100.png 100w, https:\/\/llefia.org\/wpforum\/wp-content\/uploads\/sites\/10\/2012\/07\/icono-video.png 512w\" sizes=\"(max-width: 23px) 100vw, 23px\" \/><b> #LegoMinecraft<\/b><\/p>\n<p><iframe loading=\"lazy\" src=\"https:\/\/www.youtube.com\/embed\/nws10FWEk98\" width=\"373\" height=\"280\" frameborder=\"0\" allowfullscreen=\"allowfullscreen\"><\/iframe><\/p>\n<h2><strong>&gt;&gt;Documents i videos XVIII F\u00f2rum TIC Social 2018<\/strong><\/h2>\n<p><img loading=\"lazy\" class=\"alignnone wp-image-281 \" src=\"https:\/\/llefia.org\/wpforum\/wp-content\/uploads\/sites\/10\/2012\/07\/icono-video-150x150.png\" alt=\"\" width=\"23\" height=\"23\" srcset=\"https:\/\/llefia.org\/wpforum\/wp-content\/uploads\/sites\/10\/2012\/07\/icono-video-150x150.png 150w, https:\/\/llefia.org\/wpforum\/wp-content\/uploads\/sites\/10\/2012\/07\/icono-video-300x300.png 300w, https:\/\/llefia.org\/wpforum\/wp-content\/uploads\/sites\/10\/2012\/07\/icono-video-100x100.png 100w, https:\/\/llefia.org\/wpforum\/wp-content\/uploads\/sites\/10\/2012\/07\/icono-video.png 512w\" sizes=\"(max-width: 23px) 100vw, 23px\" \/><b> #CanGuifi, sensoritzaci\u00f3 i monitoritzaci\u00f3 del consum energ\u00e8tic de comunitat de ve\u00efns<\/b><\/p>\n<p><iframe loading=\"lazy\" src=\"https:\/\/www.youtube.com\/embed\/N5dEX4h3Gw0\" width=\"373\" height=\"280\" frameborder=\"0\" allowfullscreen=\"allowfullscreen\"><\/iframe><\/p>\n<p><img loading=\"lazy\" src=\"https:\/\/llefia.org\/wpforum\/wp-content\/uploads\/sites\/10\/2012\/07\/pdf_icon.png\" alt=\"\" width=\"26\" height=\"25\"> <a href=\"https:\/\/drive.google.com\/file\/d\/11WaTu6Y8LnOTbWhspsk4JPLyH2jj-WYI\/view?usp=sharing\" target=\"_blank\" rel=\"noopener noreferrer\">Presentaci\u00f3 #CanGuifi<\/a><\/p>\n<p><img loading=\"lazy\" class=\"alignnone wp-image-281 \" src=\"https:\/\/llefia.org\/wpforum\/wp-content\/uploads\/sites\/10\/2012\/07\/icono-video-150x150.png\" alt=\"\" width=\"23\" height=\"23\" srcset=\"https:\/\/llefia.org\/wpforum\/wp-content\/uploads\/sites\/10\/2012\/07\/icono-video-150x150.png 150w, https:\/\/llefia.org\/wpforum\/wp-content\/uploads\/sites\/10\/2012\/07\/icono-video-300x300.png 300w, https:\/\/llefia.org\/wpforum\/wp-content\/uploads\/sites\/10\/2012\/07\/icono-video-100x100.png 100w, https:\/\/llefia.org\/wpforum\/wp-content\/uploads\/sites\/10\/2012\/07\/icono-video.png 512w\" sizes=\"(max-width: 23px) 100vw, 23px\" \/><strong><span style=\"text-align: left; color: #333333; text-transform: none; text-indent: 0px; letter-spacing: normal; font-family: Georgia,'Times New Roman','Bitstream Charter',Times,serif; font-size: 16px; font-style: normal; font-variant: normal; text-decoration: none; word-spacing: 0px; display: inline !important; white-space: normal; cursor: text; orphans: 2; float: none; -webkit-text-stroke-width: 0px; background-color: transparent;\"> Projecte Coco: Comunicaci\u00f3 Comunit\u00e0ria a trav\u00e9s del podcasting<\/span><\/strong><\/p>\n<p><iframe loading=\"lazy\" src=\"https:\/\/www.youtube.com\/embed\/4EDS3dfS31U\" width=\"373\" height=\"280\" frameborder=\"0\" allowfullscreen=\"allowfullscreen\"><\/iframe><br><img loading=\"lazy\" src=\"https:\/\/llefia.org\/wpforum\/wp-content\/uploads\/sites\/10\/2012\/07\/pdf_icon.png\" alt=\"\" width=\"26\" height=\"25\"> <a href=\"https:\/\/www.llefia.org\/forum\/docs\/2018\/Projecte Coco-Presentaci\u00f3 Forum TIC Badalona.pdf\" target=\"_blank\" rel=\"noopener noreferrer\"><strong>Projecte Coco: Comunicaci\u00f3 Comunit\u00e0ria a trav\u00e9s del podcasting<\/strong><\/a><\/p>\n<p><img loading=\"lazy\" class=\"alignnone wp-image-281 \" src=\"https:\/\/llefia.org\/wpforum\/wp-content\/uploads\/sites\/10\/2012\/07\/icono-video-150x150.png\" alt=\"\" width=\"23\" height=\"23\" srcset=\"https:\/\/llefia.org\/wpforum\/wp-content\/uploads\/sites\/10\/2012\/07\/icono-video-150x150.png 150w, https:\/\/llefia.org\/wpforum\/wp-content\/uploads\/sites\/10\/2012\/07\/icono-video-300x300.png 300w, https:\/\/llefia.org\/wpforum\/wp-content\/uploads\/sites\/10\/2012\/07\/icono-video-100x100.png 100w, https:\/\/llefia.org\/wpforum\/wp-content\/uploads\/sites\/10\/2012\/07\/icono-video.png 512w\" sizes=\"(max-width: 23px) 100vw, 23px\" \/><strong>#TTNCat, Xarxa oberta de l&#8217;Internet de les coses<\/strong><br><iframe loading=\"lazy\" src=\"https:\/\/www.youtube.com\/embed\/bbzbiBmpzBM\" width=\"373\" height=\"280\" frameborder=\"0\" allowfullscreen=\"allowfullscreen\"><\/iframe><\/p>\n<p><img loading=\"lazy\" src=\"https:\/\/llefia.org\/wpforum\/wp-content\/uploads\/sites\/10\/2012\/07\/pdf_icon.png\" alt=\"\" width=\"26\" height=\"25\"><a href=\"https:\/\/drive.google.com\/file\/d\/1rlR5TE0dZDiJbncIXMardvkR5LdZycSM\/view?usp=sharing\" target=\"_blank\" rel=\"noopener noreferrer\">Presentaci\u00f3 TTNCat, Xarxa oberta de l&#8217;Internet de les coses<\/a><\/p>\n<p><img loading=\"lazy\" class=\"alignnone wp-image-281 \" src=\"https:\/\/llefia.org\/wpforum\/wp-content\/uploads\/sites\/10\/2012\/07\/icono-video-150x150.png\" alt=\"\" width=\"23\" height=\"23\" srcset=\"https:\/\/llefia.org\/wpforum\/wp-content\/uploads\/sites\/10\/2012\/07\/icono-video-150x150.png 150w, https:\/\/llefia.org\/wpforum\/wp-content\/uploads\/sites\/10\/2012\/07\/icono-video-300x300.png 300w, https:\/\/llefia.org\/wpforum\/wp-content\/uploads\/sites\/10\/2012\/07\/icono-video-100x100.png 100w, https:\/\/llefia.org\/wpforum\/wp-content\/uploads\/sites\/10\/2012\/07\/icono-video.png 512w\" sizes=\"(max-width: 23px) 100vw, 23px\" \/><strong>#Taller els Secrets del Cub de Rubik<\/strong><br><iframe loading=\"lazy\" src=\"https:\/\/www.youtube.com\/embed\/sHqIasZR3KA\" width=\"373\" height=\"280\" frameborder=\"0\" allowfullscreen=\"allowfullscreen\"><\/iframe><\/p>\n<p><iframe loading=\"lazy\" src=\"https:\/\/www.youtube.com\/embed\/6q_GWQ-fZ-Y\" width=\"373\" height=\"280\" frameborder=\"0\" allowfullscreen=\"allowfullscreen\"><\/iframe><\/p>\n<p><span style=\"display: inline !important; float: none; background-color: transparent; color: #333333; cursor: text; font-family: Georgia,'Times New Roman','Bitstream Charter',Times,serif; font-size: 16px; font-style: normal; font-variant: normal; font-weight: 400; letter-spacing: normal; orphans: 2; text-align: left; text-decoration: none; text-indent: 0px; text-transform: none; -webkit-text-stroke-width: 0px; white-space: normal; word-spacing: 0px;\">Tamb\u00e9 podeu consultar presentacions, videos anteriors edicions:<\/span><\/p>\n<h2><strong>&gt;&gt;Documents i videos XVII F\u00f2rum TIC Social 2017<\/strong><\/h2>\n<p><img loading=\"lazy\" class=\"alignnone wp-image-281 \" src=\"https:\/\/llefia.org\/wpforum\/wp-content\/uploads\/sites\/10\/2012\/07\/icono-video-150x150.png\" alt=\"\" width=\"23\" height=\"23\" srcset=\"https:\/\/llefia.org\/wpforum\/wp-content\/uploads\/sites\/10\/2012\/07\/icono-video-150x150.png 150w, https:\/\/llefia.org\/wpforum\/wp-content\/uploads\/sites\/10\/2012\/07\/icono-video-300x300.png 300w, https:\/\/llefia.org\/wpforum\/wp-content\/uploads\/sites\/10\/2012\/07\/icono-video-100x100.png 100w, https:\/\/llefia.org\/wpforum\/wp-content\/uploads\/sites\/10\/2012\/07\/icono-video.png 512w\" sizes=\"(max-width: 23px) 100vw, 23px\" \/> <strong>Presentaci\u00f3 XVII F\u00f2rum TIC Social Badalona<\/strong><br><iframe loading=\"lazy\" src=\"https:\/\/player.vimeo.com\/video\/224046112?title=0&amp;byline=0\" width=\"373\" height=\"280\" frameborder=\"0\" allowfullscreen=\"allowfullscreen\"><\/iframe><\/p>\n<p><img loading=\"lazy\" class=\"alignnone wp-image-281 \" src=\"https:\/\/llefia.org\/wpforum\/wp-content\/uploads\/sites\/10\/2012\/07\/icono-video-150x150.png\" alt=\"\" width=\"23\" height=\"23\" srcset=\"https:\/\/llefia.org\/wpforum\/wp-content\/uploads\/sites\/10\/2012\/07\/icono-video-150x150.png 150w, https:\/\/llefia.org\/wpforum\/wp-content\/uploads\/sites\/10\/2012\/07\/icono-video-300x300.png 300w, https:\/\/llefia.org\/wpforum\/wp-content\/uploads\/sites\/10\/2012\/07\/icono-video-100x100.png 100w, https:\/\/llefia.org\/wpforum\/wp-content\/uploads\/sites\/10\/2012\/07\/icono-video.png 512w\" sizes=\"(max-width: 23px) 100vw, 23px\" \/> <strong>Guifi.net desplegament de fibra de comuns<\/strong><\/p>\n<p><iframe loading=\"lazy\" src=\"https:\/\/player.vimeo.com\/video\/224044041?title=0&amp;byline=0\" width=\"373\" height=\"280\" frameborder=\"0\" allowfullscreen=\"allowfullscreen\"><\/iframe><\/p>\n<p><img loading=\"lazy\" class=\"alignnone wp-image-281 \" src=\"https:\/\/llefia.org\/wpforum\/wp-content\/uploads\/sites\/10\/2012\/07\/icono-video-150x150.png\" alt=\"\" width=\"23\" height=\"23\" srcset=\"https:\/\/llefia.org\/wpforum\/wp-content\/uploads\/sites\/10\/2012\/07\/icono-video-150x150.png 150w, https:\/\/llefia.org\/wpforum\/wp-content\/uploads\/sites\/10\/2012\/07\/icono-video-300x300.png 300w, https:\/\/llefia.org\/wpforum\/wp-content\/uploads\/sites\/10\/2012\/07\/icono-video-100x100.png 100w, https:\/\/llefia.org\/wpforum\/wp-content\/uploads\/sites\/10\/2012\/07\/icono-video.png 512w\" sizes=\"(max-width: 23px) 100vw, 23px\" \/> <strong>Utilitat educativa de la seguretat a les TIC i les Xarxes Socials<\/strong><br><iframe loading=\"lazy\" src=\"https:\/\/player.vimeo.com\/video\/224045560?title=0&amp;byline=0\" width=\"373\" height=\"280\" frameborder=\"0\" allowfullscreen=\"allowfullscreen\"><\/iframe><\/p>\n<p><img loading=\"lazy\" src=\"https:\/\/llefia.org\/wpforum\/wp-content\/uploads\/sites\/10\/2012\/07\/pdf_icon.png\" alt=\"\" width=\"26\" height=\"25\">Utilitat educativa de la seguretat a les TIC i les Xarxes Socials<\/p>\n<p><img loading=\"lazy\" class=\"alignnone wp-image-281 \" src=\"https:\/\/llefia.org\/wpforum\/wp-content\/uploads\/sites\/10\/2012\/07\/icono-video-150x150.png\" alt=\"\" width=\"23\" height=\"23\" srcset=\"https:\/\/llefia.org\/wpforum\/wp-content\/uploads\/sites\/10\/2012\/07\/icono-video-150x150.png 150w, https:\/\/llefia.org\/wpforum\/wp-content\/uploads\/sites\/10\/2012\/07\/icono-video-300x300.png 300w, https:\/\/llefia.org\/wpforum\/wp-content\/uploads\/sites\/10\/2012\/07\/icono-video-100x100.png 100w, https:\/\/llefia.org\/wpforum\/wp-content\/uploads\/sites\/10\/2012\/07\/icono-video.png 512w\" sizes=\"(max-width: 23px) 100vw, 23px\" \/> Impressi\u00f3 3D<br><iframe loading=\"lazy\" src=\"https:\/\/player.vimeo.com\/video\/224050608?title=0&amp;byline=0\" width=\"373\" height=\"280\" frameborder=\"0\" allowfullscreen=\"allowfullscreen\"><\/iframe><\/p>\n<p><img loading=\"lazy\" src=\"https:\/\/llefia.org\/wpforum\/wp-content\/uploads\/sites\/10\/2012\/07\/pdf_icon.png\" alt=\"\" width=\"26\" height=\"25\"> <a href=\"https:\/\/drive.google.com\/file\/d\/0B2CTwLL8LM-HS2x5UjQ1VnpURVRVVkNhdF9QeGtvWmhfOXIw\/view?usp=sharing\" target=\"_blank\" rel=\"noopener noreferrer\">Impressores 3D<\/a>, a c\u00e0rrec d&#8217;en Joan Bitlloch<\/p>\n<h2><strong>&gt;&gt;Documents i videos edici\u00f3 XVI F\u00f2rum TIC Social 2016<\/strong><\/h2>\n<p><img loading=\"lazy\" class=\"alignnone wp-image-281 \" src=\"https:\/\/llefia.org\/wpforum\/wp-content\/uploads\/sites\/10\/2012\/07\/icono-video-150x150.png\" alt=\"\" width=\"23\" height=\"23\" srcset=\"https:\/\/llefia.org\/wpforum\/wp-content\/uploads\/sites\/10\/2012\/07\/icono-video-150x150.png 150w, https:\/\/llefia.org\/wpforum\/wp-content\/uploads\/sites\/10\/2012\/07\/icono-video-300x300.png 300w, https:\/\/llefia.org\/wpforum\/wp-content\/uploads\/sites\/10\/2012\/07\/icono-video-100x100.png 100w, https:\/\/llefia.org\/wpforum\/wp-content\/uploads\/sites\/10\/2012\/07\/icono-video.png 512w\" sizes=\"(max-width: 23px) 100vw, 23px\" \/>Video Presentaci\u00f3 <strong>Guifi.net<\/strong> , <strong>construint una r\u00e0dio ciutadana lliure i oberta<\/strong><br><iframe loading=\"lazy\" src=\"https:\/\/player.vimeo.com\/video\/173415156\" width=\"373\" height=\"280\" frameborder=\"0\" allowfullscreen=\"allowfullscreen\"><\/iframe><\/p>\n<p><img loading=\"lazy\" class=\"alignnone wp-image-281 \" src=\"https:\/\/llefia.org\/wpforum\/wp-content\/uploads\/sites\/10\/2012\/07\/icono-video-150x150.png\" alt=\"\" width=\"23\" height=\"23\" srcset=\"https:\/\/llefia.org\/wpforum\/wp-content\/uploads\/sites\/10\/2012\/07\/icono-video-150x150.png 150w, https:\/\/llefia.org\/wpforum\/wp-content\/uploads\/sites\/10\/2012\/07\/icono-video-300x300.png 300w, https:\/\/llefia.org\/wpforum\/wp-content\/uploads\/sites\/10\/2012\/07\/icono-video-100x100.png 100w, https:\/\/llefia.org\/wpforum\/wp-content\/uploads\/sites\/10\/2012\/07\/icono-video.png 512w\" sizes=\"(max-width: 23px) 100vw, 23px\" \/><strong>Urbanisme 2.0<\/strong>: #llefiaparticipa, resultats projecte Enroda&#8217;t<\/p>\n<p><iframe loading=\"lazy\" src=\"https:\/\/player.vimeo.com\/video\/173443871\" width=\"373\" height=\"280\" frameborder=\"0\" allowfullscreen=\"allowfullscreen\"><\/iframe><br><img loading=\"lazy\" class=\"alignnone wp-image-281 \" src=\"https:\/\/llefia.org\/wpforum\/wp-content\/uploads\/sites\/10\/2012\/07\/icono-video-150x150.png\" alt=\"\" width=\"23\" height=\"23\" srcset=\"https:\/\/llefia.org\/wpforum\/wp-content\/uploads\/sites\/10\/2012\/07\/icono-video-150x150.png 150w, https:\/\/llefia.org\/wpforum\/wp-content\/uploads\/sites\/10\/2012\/07\/icono-video-300x300.png 300w, https:\/\/llefia.org\/wpforum\/wp-content\/uploads\/sites\/10\/2012\/07\/icono-video-100x100.png 100w, https:\/\/llefia.org\/wpforum\/wp-content\/uploads\/sites\/10\/2012\/07\/icono-video.png 512w\" sizes=\"(max-width: 23px) 100vw, 23px\" \/><strong>Opendata, dades al servei dels ciutadans<\/strong><\/p>\n<p><iframe loading=\"lazy\" src=\"https:\/\/player.vimeo.com\/video\/173444584\" width=\"373\" height=\"280\" frameborder=\"0\" allowfullscreen=\"allowfullscreen\"><\/iframe><\/p>\n<p><img loading=\"lazy\" src=\"https:\/\/llefia.org\/wpforum\/wp-content\/uploads\/sites\/10\/2012\/07\/pdf_icon.png\" alt=\"\" width=\"26\" height=\"25\"> <a href=\"https:\/\/www.llefia.org\/forum\/docs\/2016\/DadesObertes_ForumTICLlefia2016.pdf\" target=\"_blank\" rel=\"noopener noreferrer\">::Opendata, dades al servei dels ciutadans<\/a> a c\u00e0rrec de Maria Jes\u00fas Arnaiz, responsable d&#8217;Opendata del departament TIC de l&#8217;<a href=\"http:\/\/badalona.cat\" target=\"_blank\" rel=\"noopener noreferrer\">Ajuntament de Badalona<\/a><\/p>\n<p><img loading=\"lazy\" class=\"alignnone wp-image-281 \" src=\"https:\/\/llefia.org\/wpforum\/wp-content\/uploads\/sites\/10\/2012\/07\/icono-video-150x150.png\" alt=\"\" width=\"23\" height=\"23\" srcset=\"https:\/\/llefia.org\/wpforum\/wp-content\/uploads\/sites\/10\/2012\/07\/icono-video-150x150.png 150w, https:\/\/llefia.org\/wpforum\/wp-content\/uploads\/sites\/10\/2012\/07\/icono-video-300x300.png 300w, https:\/\/llefia.org\/wpforum\/wp-content\/uploads\/sites\/10\/2012\/07\/icono-video-100x100.png 100w, https:\/\/llefia.org\/wpforum\/wp-content\/uploads\/sites\/10\/2012\/07\/icono-video.png 512w\" sizes=\"(max-width: 23px) 100vw, 23px\" \/><a href=\"http:\/\/arxiusbdn.org\" target=\"_blank\" rel=\"noopener noreferrer\"><strong>ArxiusBDN<\/strong><\/a>, Arxius Hist\u00f2rics dels barris en xarxa<\/p>\n<p><iframe loading=\"lazy\" src=\"https:\/\/player.vimeo.com\/video\/173445935\" width=\"373\" height=\"280\" frameborder=\"0\" allowfullscreen=\"allowfullscreen\"><\/iframe><\/p>\n<p><img loading=\"lazy\" class=\"alignnone wp-image-281 \" src=\"https:\/\/llefia.org\/wpforum\/wp-content\/uploads\/sites\/10\/2012\/07\/icono-video-150x150.png\" alt=\"\" width=\"23\" height=\"23\" srcset=\"https:\/\/llefia.org\/wpforum\/wp-content\/uploads\/sites\/10\/2012\/07\/icono-video-150x150.png 150w, https:\/\/llefia.org\/wpforum\/wp-content\/uploads\/sites\/10\/2012\/07\/icono-video-300x300.png 300w, https:\/\/llefia.org\/wpforum\/wp-content\/uploads\/sites\/10\/2012\/07\/icono-video-100x100.png 100w, https:\/\/llefia.org\/wpforum\/wp-content\/uploads\/sites\/10\/2012\/07\/icono-video.png 512w\" sizes=\"(max-width: 23px) 100vw, 23px\" \/><strong>#Arduino<\/strong>, hardware de codi obert<\/p>\n<p><iframe loading=\"lazy\" src=\"https:\/\/player.vimeo.com\/video\/173510192\" width=\"373\" height=\"280\" frameborder=\"0\" allowfullscreen=\"allowfullscreen\"><\/iframe><\/p>\n<p><a title=\"Presentaci\u00f3 Grup d'usuaris per a la promoci\u00f3 del programari lliure de Llefi\u00e0-Badalona\" href=\"https:\/\/www.llefia.org\/forum\/docs\/2015\/Presentacio.odp\" target=\"_blank\" rel=\"noopener noreferrer\"><img loading=\"lazy\" src=\"https:\/\/llefia.org\/wpforum\/wp-content\/uploads\/sites\/10\/2012\/07\/images.jpg\" alt=\"\" width=\"22\" height=\"25\"><\/a> <a href=\"https:\/\/www.llefia.org\/forum\/docs\/2016\/ArduinoEnElHogar.ppt\" target=\"_blank\" rel=\"noopener noreferrer\">:: Arduino, hardware de codi obert<\/a> a c\u00e0rrec de <a href=\"https:\/\/www.twitter.com\/dguisado\" target=\"_blank\" rel=\"noopener noreferrer\">Daniel Guisado<\/a>, enginyer i membre del <a href=\"http:\/\/www.clubncaldes.com\/\" target=\"_blank\" rel=\"noopener noreferrer\">Club N Caldes<\/a><\/p>\n<h2><strong>&gt;&gt;Documents i videos edici\u00f3 XV F\u00f2rum TIC Social 2015<\/strong><\/h2>\n<p><img loading=\"lazy\" class=\"alignnone wp-image-281 \" src=\"https:\/\/llefia.org\/wpforum\/wp-content\/uploads\/sites\/10\/2012\/07\/icono-video-150x150.png\" alt=\"\" width=\"23\" height=\"23\" srcset=\"https:\/\/llefia.org\/wpforum\/wp-content\/uploads\/sites\/10\/2012\/07\/icono-video-150x150.png 150w, https:\/\/llefia.org\/wpforum\/wp-content\/uploads\/sites\/10\/2012\/07\/icono-video-300x300.png 300w, https:\/\/llefia.org\/wpforum\/wp-content\/uploads\/sites\/10\/2012\/07\/icono-video-100x100.png 100w, https:\/\/llefia.org\/wpforum\/wp-content\/uploads\/sites\/10\/2012\/07\/icono-video.png 512w\" sizes=\"(max-width: 23px) 100vw, 23px\" \/>Presentaci\u00f3 XV F\u00f2rum TIC Social Llefi\u00e0-Badalona<\/p>\n<p><iframe loading=\"lazy\" src=\"https:\/\/player.vimeo.com\/video\/132620021\" width=\"373\" height=\"280\" frameborder=\"0\" allowfullscreen=\"allowfullscreen\"><\/iframe><\/p>\n<p><img loading=\"lazy\" class=\"alignnone wp-image-281 \" src=\"https:\/\/llefia.org\/wpforum\/wp-content\/uploads\/sites\/10\/2012\/07\/icono-video-150x150.png\" alt=\"\" width=\"23\" height=\"23\" srcset=\"https:\/\/llefia.org\/wpforum\/wp-content\/uploads\/sites\/10\/2012\/07\/icono-video-150x150.png 150w, https:\/\/llefia.org\/wpforum\/wp-content\/uploads\/sites\/10\/2012\/07\/icono-video-300x300.png 300w, https:\/\/llefia.org\/wpforum\/wp-content\/uploads\/sites\/10\/2012\/07\/icono-video-100x100.png 100w, https:\/\/llefia.org\/wpforum\/wp-content\/uploads\/sites\/10\/2012\/07\/icono-video.png 512w\" sizes=\"(max-width: 23px) 100vw, 23px\" \/>Video Presentaci\u00f3 de webs i projectes ciutadans: \u00fas de les TIC a AVV Bufal\u00e0<\/p>\n<p><iframe loading=\"lazy\" src=\"https:\/\/player.vimeo.com\/video\/132635611\" width=\"373\" height=\"280\" frameborder=\"0\" allowfullscreen=\"allowfullscreen\">&lt;span class=&#8221;mce_SELRES_start&#8221; style=&#8221;width: 0px; line-height: 0; overflow: hidden; display: inline-block;&#8221; data-mce-type=&#8221;bookmark&#8221;&gt;\ufeff&lt;\/span&gt;<\/iframe><\/p>\n<p><a title=\"Presentaci\u00f3 \u00das de les TIC AVV Bufal\u00e0\" href=\"https:\/\/www.llefia.org\/forum\/docs\/2015\/presentacio_llefia.pdf\" target=\"_blank\" rel=\"noopener noreferrer\"><img loading=\"lazy\" src=\"https:\/\/llefia.org\/wpforum\/wp-content\/uploads\/sites\/10\/2012\/07\/pdf_icon.png\" alt=\"\" width=\"26\" height=\"25\"><\/a> :: <a title=\"Presentaci\u00f3 \u00das de les TIC AVV Bufal\u00e0\" href=\"https:\/\/www.llefia.org\/forum\/docs\/2015\/presentacio_llefia.pdf\" target=\"_blank\" rel=\"noopener noreferrer\"><strong>\u00das de les TIC AVV Bufal\u00e0<\/strong><\/a>, a c\u00e0rrec de l&#8217;equip de comunicaci\u00f3 AVV Bufal\u00e0<\/p>\n<p><img loading=\"lazy\" class=\"alignnone wp-image-281 \" src=\"https:\/\/llefia.org\/wpforum\/wp-content\/uploads\/sites\/10\/2012\/07\/icono-video-150x150.png\" alt=\"\" width=\"23\" height=\"23\" srcset=\"https:\/\/llefia.org\/wpforum\/wp-content\/uploads\/sites\/10\/2012\/07\/icono-video-150x150.png 150w, https:\/\/llefia.org\/wpforum\/wp-content\/uploads\/sites\/10\/2012\/07\/icono-video-300x300.png 300w, https:\/\/llefia.org\/wpforum\/wp-content\/uploads\/sites\/10\/2012\/07\/icono-video-100x100.png 100w, https:\/\/llefia.org\/wpforum\/wp-content\/uploads\/sites\/10\/2012\/07\/icono-video.png 512w\" sizes=\"(max-width: 23px) 100vw, 23px\" \/>Video Grup usuaris promoci\u00f3 programari lliure de Llefi\u00e0 i Badalona, tux.llefia.org<\/p>\n<p><iframe loading=\"lazy\" src=\"https:\/\/player.vimeo.com\/video\/132635610\" width=\"373\" height=\"280\" frameborder=\"0\" allowfullscreen=\"allowfullscreen\"><\/iframe><\/p>\n<p><a title=\"Presentaci\u00f3 Grup d'usuaris per a la promoci\u00f3 del programari lliure de Llefi\u00e0-Badalona\" href=\"https:\/\/www.llefia.org\/forum\/docs\/2015\/Presentacio.odp\" target=\"_blank\" rel=\"noopener noreferrer\"><img loading=\"lazy\" src=\"https:\/\/llefia.org\/wpforum\/wp-content\/uploads\/sites\/10\/2012\/07\/images.jpg\" alt=\"\" width=\"22\" height=\"25\"><\/a> <strong>:: <a title=\"Presentaci\u00f3 Grup d'usuaris per a la promoci\u00f3 del programari lliure de Llefi\u00e0-Badalona\" href=\"https:\/\/www.llefia.org\/forum\/docs\/2015\/Presentacio.odp\" target=\"_blank\" rel=\"noopener noreferrer\">tux.llefia.org<\/a><\/strong>, Grup d&#8217;usuaris per a la promoci\u00f3 del programari lliure de Llefi\u00e0-Badalona, a c\u00e0rrec d&#8217;Alejandro Jurado<\/p>\n<p><img loading=\"lazy\" class=\"alignnone wp-image-281 \" src=\"https:\/\/llefia.org\/wpforum\/wp-content\/uploads\/sites\/10\/2012\/07\/icono-video-150x150.png\" alt=\"\" width=\"23\" height=\"23\" srcset=\"https:\/\/llefia.org\/wpforum\/wp-content\/uploads\/sites\/10\/2012\/07\/icono-video-150x150.png 150w, https:\/\/llefia.org\/wpforum\/wp-content\/uploads\/sites\/10\/2012\/07\/icono-video-300x300.png 300w, https:\/\/llefia.org\/wpforum\/wp-content\/uploads\/sites\/10\/2012\/07\/icono-video-100x100.png 100w, https:\/\/llefia.org\/wpforum\/wp-content\/uploads\/sites\/10\/2012\/07\/icono-video.png 512w\" sizes=\"(max-width: 23px) 100vw, 23px\" \/>Tall de video presentaci\u00f3 Taller Guifi.net<\/p>\n<p><iframe loading=\"lazy\" src=\"https:\/\/player.vimeo.com\/video\/132620022\" width=\"373\" height=\"280\" frameborder=\"0\" allowfullscreen=\"allowfullscreen\"><\/iframe><\/p>\n<p><a title=\"Presentaci\u00f3 Taller Guifi.net\" href=\"https:\/\/www.llefia.org\/forum\/docs\/2015\/Forum_Guifi_2015.odp\" target=\"_blank\" rel=\"noopener noreferrer\"><img loading=\"lazy\" src=\"https:\/\/llefia.org\/wpforum\/wp-content\/uploads\/sites\/10\/2012\/07\/images.jpg\" alt=\"\" width=\"22\" height=\"25\"><\/a> <strong>:: <a title=\"Presentaci\u00f3 Taller Guifi.net\" href=\"https:\/\/www.llefia.org\/forum\/docs\/2015\/Forum_Guifi_2015.odp\" target=\"_blank\" rel=\"noopener noreferrer\">Taller Guifi.net<\/a><\/strong>, Comunitat del Projecte Guifi.net a Badalona, a c\u00e0rrec de Josep Maria Moles<\/p>\n<p><img loading=\"lazy\" class=\"alignnone wp-image-281 \" src=\"https:\/\/llefia.org\/wpforum\/wp-content\/uploads\/sites\/10\/2012\/07\/icono-video-150x150.png\" alt=\"\" width=\"23\" height=\"23\" srcset=\"https:\/\/llefia.org\/wpforum\/wp-content\/uploads\/sites\/10\/2012\/07\/icono-video-150x150.png 150w, https:\/\/llefia.org\/wpforum\/wp-content\/uploads\/sites\/10\/2012\/07\/icono-video-300x300.png 300w, https:\/\/llefia.org\/wpforum\/wp-content\/uploads\/sites\/10\/2012\/07\/icono-video-100x100.png 100w, https:\/\/llefia.org\/wpforum\/wp-content\/uploads\/sites\/10\/2012\/07\/icono-video.png 512w\" sizes=\"(max-width: 23px) 100vw, 23px\" \/>Tall de video Scratch, ensenyant a programar als nens i nenes<\/p>\n<p><iframe loading=\"lazy\" src=\"https:\/\/player.vimeo.com\/video\/132635609\" width=\"373\" height=\"280\" frameborder=\"0\" allowfullscreen=\"allowfullscreen\"><\/iframe><\/p>\n<p><a title=\"Presentaci\u00f3 Scratch, ensenyant a programar als nens i nenes\" href=\"https:\/\/www.llefia.org\/forum\/docs\/2015\/Forum_Scratch_2015.pdf\" target=\"_blank\" rel=\"noopener noreferrer\"><img loading=\"lazy\" src=\"https:\/\/llefia.org\/wpforum\/wp-content\/uploads\/sites\/10\/2012\/07\/pdf_icon.png\" alt=\"\" width=\"26\" height=\"25\"><\/a> :: <a title=\"Presentaci\u00f3 Scratch, ensenyant a programar als nens i nenes\" href=\"https:\/\/www.llefia.org\/forum\/docs\/2015\/Forum_Scratch_2015.pdf\" target=\"_blank\" rel=\"noopener noreferrer\"><strong>Scratch, ensenyant a programar als nens i nenes<\/strong><\/a>, a c\u00e0rrec de Carlos Casado, del Grup Inventa (UOC)<\/p>\n<p><img loading=\"lazy\" class=\"alignnone wp-image-281 \" src=\"https:\/\/llefia.org\/wpforum\/wp-content\/uploads\/sites\/10\/2012\/07\/icono-video-150x150.png\" alt=\"\" width=\"23\" height=\"23\" srcset=\"https:\/\/llefia.org\/wpforum\/wp-content\/uploads\/sites\/10\/2012\/07\/icono-video-150x150.png 150w, https:\/\/llefia.org\/wpforum\/wp-content\/uploads\/sites\/10\/2012\/07\/icono-video-300x300.png 300w, https:\/\/llefia.org\/wpforum\/wp-content\/uploads\/sites\/10\/2012\/07\/icono-video-100x100.png 100w, https:\/\/llefia.org\/wpforum\/wp-content\/uploads\/sites\/10\/2012\/07\/icono-video.png 512w\" sizes=\"(max-width: 23px) 100vw, 23px\" \/>Tall de video presentaci\u00f3 Projecte Enroda&#8217;t<\/p>\n<p><iframe loading=\"lazy\" src=\"https:\/\/player.vimeo.com\/video\/132635610\" width=\"373\" height=\"280\" frameborder=\"0\" allowfullscreen=\"allowfullscreen\"><\/iframe><\/p>\n<p><a title=\"Presentaci\u00f3 OpenStreetMap i Projecte Enroda't\" href=\"https:\/\/www.llefia.org\/forum\/docs\/2015\/OpenStreetMap_Enrodat.pdf\" target=\"_blank\" rel=\"noopener noreferrer\"><img loading=\"lazy\" src=\"https:\/\/llefia.org\/wpforum\/wp-content\/uploads\/sites\/10\/2012\/07\/pdf_icon.png\" alt=\"\" width=\"26\" height=\"25\"><\/a> :: <a title=\"Presentaci\u00f3 OpenStreetMap i Projecte Enroda't\" href=\"https:\/\/www.llefia.org\/forum\/docs\/2015\/OpenStreetMap_Enrodat.pdf\" target=\"_blank\" rel=\"noopener noreferrer\"><strong>OpenStreetMap i Projecte Enroda&#8217;t<\/strong><\/a>, a c\u00e0rrec de Jose Luis Infante, de Llefi@Net, y Rafael Reoyo, de Deixem de Ser Invisibles<\/p>\n<p><strong>&gt;&gt;Documents anterior edici\u00f3 XIV F\u00f2rum TIC Social 2014<\/strong><\/p>\n<p><strong><a href=\"https:\/\/www.slideshare.net\/omniasalutalta\/presentaci-xarxa-digital-dels-barris-de-la-salut-i-llefi\" target=\"_blank\" rel=\"noopener noreferrer\"><img loading=\"lazy\" src=\"https:\/\/encrypted-tbn3.gstatic.com\/images?q=tbn:ANd9GcTfqZN-usjFgkZeH6FCt0p6wMjeD5_l0kaxvV1vh2mV-R4qLVBJVKP-B30\" alt=\"\" width=\"27\" height=\"29\"><\/a><\/strong>::<a href=\"https:\/\/www.slideshare.net\/omniasalutalta\/presentaci-xarxa-digital-dels-barris-de-la-salut-i-llefi\" target=\"_blank\" rel=\"noopener noreferrer\">Xarxa digital La Salut- Llefi\u00e0:<\/a>: Presentaci\u00f3 a c\u00e0rrec de: Laura M. Solana, Punt \u00d2mnia,&nbsp;Roger Melcior, \u00d2mnium Badalona.<\/p>\n<p><strong>:: Som Connexi\u00f3<\/strong>, cooperativa consumidors de telefonia i internet a c\u00e0rrec d&#8217;Andreu Camprub\u00ed<\/p>\n<p><a href=\"https:\/\/www.llefia.org\/forum\/docs\/2014\/Control_parental.pdf\" target=\"_blank\" rel=\"noopener noreferrer\"><img loading=\"lazy\" src=\"https:\/\/llefia.org\/wpforum\/wp-content\/uploads\/sites\/10\/2012\/07\/pdf_icon.png\" alt=\"\" width=\"26\" height=\"25\"><\/a><strong>:: <\/strong><a title=\"Control parental\" href=\"https:\/\/www.llefia.org\/forum\/docs\/2014\/Control_parental.pdf\" target=\"_blank\" rel=\"noopener noreferrer\"><strong>Control parental<\/strong><\/a> a c\u00e0rrec de <strong><strong><a href=\"http:\/\/seifreed.com\/\" target=\"_blank\" rel=\"noopener noreferrer\">Marc Rivero<\/a> <\/strong><\/strong>especialista en seguretat inform\u00e0tica, presentant consells \u00fatils en seguretat per a mares, pares i adolescents consells \u00fatils en seguretat per a mares, pares i adolescents a la xerrada sobre seguretat i control parental.<\/p>\n<p><strong> <a href=\"https:\/\/www.llefia.org\/forum\/docs\/2014\/20140628 Ciuta Beta a Llefi\u00e0.pdf\" target=\"_blank\" rel=\"noopener noreferrer\"><img loading=\"lazy\" src=\"https:\/\/llefia.org\/wpforum\/wp-content\/uploads\/sites\/10\/2012\/07\/pdf_icon.png\" alt=\"\" width=\"26\" height=\"25\"><\/a>::<a href=\"https:\/\/www.llefia.org\/forum\/docs\/2014\/20140628 Ciuta Beta a Llefi\u00e0.pdf\" target=\"_blank\" rel=\"noopener noreferrer\">#SentAntoni<\/a><\/strong>, a c\u00e0rrec de Sara Cosmen, de <a href=\"http:\/\/www.ciutatbeta.org\/?p=1607\" target=\"_blank\" rel=\"noopener noreferrer\">Ciutat Beta<\/a> va presentar el proc\u00e9s de construcci\u00f3 d&#8217;un mapa emocional del barri de Sant Antoni de Barcelona, on construir reflexions i di\u00e0leg, compartint idees, queixes i emocions sobre l&#8217;espai com\u00fa i proper<\/p>\n<p><strong>::<a href=\"https:\/\/commons.wikimedia.org\/wiki\/User:Dvdgmz\/IntroVP\" target=\"_blank\" rel=\"noopener noreferrer\">Trobada viquip\u00e8dia<\/a><\/strong>,en la que van intervenir David G\u00f3mez, de l&#8217;<a href=\"https:\/\/www.wikimedia.cat\/\" target=\"_blank\" rel=\"noopener noreferrer\">Amical Wikimedia<\/a>, Francesc Palacio, <a href=\"https:\/\/ca.wikipedia.org\/wiki\/Viquiprojecte:Badalona\" target=\"_blank\" rel=\"noopener noreferrer\">Viquiprojecte Badalona<\/a>, i M\u00aa Dolors Sabater, professora de IES Juli\u00e0 Minguell,&nbsp; que van explicar qu\u00e8 \u00e9s la viquip\u00e8dia, la seva filosofia, com funciona, la pres\u00e8ncia de Badalona a l&#8217;enciclop\u00e8dia, l&#8217;\u00fas en l&#8217;\u00e0mbit educatiu<\/p>\n<p><strong>:: Construcci\u00f3 supernode guifi.net realitzat per IES Enric Borr\u00e0s<\/strong>, a c\u00e0rrec de Josep M\u00aa Moles de <a href=\"https:\/\/guifi.net\/ca\/node\/35620\" target=\"_blank\" rel=\"noopener noreferrer\">guifi.net<\/a>, mostrant un proc\u00e9s col\u00b7laboratiu entre els estudiants en l&#8217;\u00e0mbit TIC i l&#8217;assignatura de mec\u00e0nica, resultant un node d&#8217;antenes operatiu al terrat de l&#8217;institut.<\/p>\n<p><iframe loading=\"lazy\" src=\"https:\/\/embed.bambuser.com\/broadcast\/4740617\" width=\"460\" height=\"345\" frameborder=\"0\" allowfullscreen=\"allowfullscreen\">Your browser does not support iframes.<\/iframe><\/p>\n<p><strong>&gt;&gt;Documents anterior edici\u00f3 XIII F\u00f2rum TIC Social 2013<\/strong><\/p>\n<p><a href=\"https:\/\/www.llefia.org\/forum\/docs\/2013\/seguridad_redes_sociales.pdf\" target=\"_blank\" rel=\"noopener noreferrer\"><img loading=\"lazy\" class=\"size-full wp-image-276 alignleft\" src=\"https:\/\/llefia.org\/wpforum\/wp-content\/uploads\/sites\/10\/2012\/07\/pdf_icon.png\" alt=\"\" width=\"26\" height=\"25\" srcset=\"https:\/\/llefia.org\/wpforum\/wp-content\/uploads\/sites\/10\/2012\/07\/pdf_icon.png 142w, https:\/\/llefia.org\/wpforum\/wp-content\/uploads\/sites\/10\/2012\/07\/pdf_icon-100x100.png 100w\" sizes=\"(max-width: 26px) 100vw, 26px\" \/><\/a><strong>:: <\/strong><a title=\"Seguretat\" href=\"https:\/\/www.llefia.org\/forum\/docs\/2013\/seguridad_redes_sociales.pdf\" target=\"_blank\" rel=\"noopener noreferrer\"><strong>Seguretat a internet i a les xarxes socials<\/strong><\/a> a c\u00e0rrec de <strong><strong><a href=\"http:\/\/seifreed.com\/\" target=\"_blank\" rel=\"noopener noreferrer\">Marc Rivero<\/a> <\/strong><\/strong>especialista en seguretat inform\u00e0tica, presentant consells \u00fatils en seguretat per a mares, pares i adolescents.<\/p>\n<p><img loading=\"lazy\" class=\"alignnone wp-image-281 \" src=\"https:\/\/llefia.org\/wpforum\/wp-content\/uploads\/sites\/10\/2012\/07\/icono-video-150x150.png\" alt=\"\" width=\"23\" height=\"23\" srcset=\"https:\/\/llefia.org\/wpforum\/wp-content\/uploads\/sites\/10\/2012\/07\/icono-video-150x150.png 150w, https:\/\/llefia.org\/wpforum\/wp-content\/uploads\/sites\/10\/2012\/07\/icono-video-300x300.png 300w, https:\/\/llefia.org\/wpforum\/wp-content\/uploads\/sites\/10\/2012\/07\/icono-video-100x100.png 100w, https:\/\/llefia.org\/wpforum\/wp-content\/uploads\/sites\/10\/2012\/07\/icono-video.png 512w\" sizes=\"(max-width: 23px) 100vw, 23px\" \/><a href=\"https:\/\/vimeo.com\/98380069?width=1080\" data-rel=\"lightbox-video-0\" target=\"_blank\" rel=\"noopener noreferrer\">Video I presentaci\u00f3 <\/a><\/p>\n<p><img loading=\"lazy\" class=\"alignnone wp-image-281 \" src=\"https:\/\/llefia.org\/wpforum\/wp-content\/uploads\/sites\/10\/2012\/07\/icono-video-150x150.png\" alt=\"\" width=\"23\" height=\"23\" srcset=\"https:\/\/llefia.org\/wpforum\/wp-content\/uploads\/sites\/10\/2012\/07\/icono-video-150x150.png 150w, https:\/\/llefia.org\/wpforum\/wp-content\/uploads\/sites\/10\/2012\/07\/icono-video-300x300.png 300w, https:\/\/llefia.org\/wpforum\/wp-content\/uploads\/sites\/10\/2012\/07\/icono-video-100x100.png 100w, https:\/\/llefia.org\/wpforum\/wp-content\/uploads\/sites\/10\/2012\/07\/icono-video.png 512w\" sizes=\"(max-width: 23px) 100vw, 23px\" \/><a href=\"https:\/\/vimeo.com\/98380071?width=1080\" data-rel=\"lightbox-video-1\" target=\"_blank\" rel=\"noopener noreferrer\">Video II presentaci\u00f3 <\/a><\/p>\n<p><a href=\"https:\/\/www.llefia.org\/forum\/docs\/2013\/selva-orejon-ORM-llefia.pdf\" target=\"_blank\" rel=\"noopener noreferrer\"><img loading=\"lazy\" src=\"https:\/\/llefia.org\/wpforum\/wp-content\/uploads\/sites\/10\/2012\/07\/pdf_icon.png\" alt=\"\" width=\"26\" height=\"25\"><\/a><strong>:: <a title=\"Reputaci\u00f3 online\" href=\"https:\/\/www.llefia.org\/forum\/docs\/2013\/selva-orejon-ORM-llefia.pdf\" target=\"_blank\" rel=\"noopener noreferrer\">Qu\u00e8 \u00e9s la reputaci\u00f3 online?<\/a>: <\/strong>Reputaci\u00f3 online per a persones i empreses, a c\u00e0rrec de <a href=\"https:\/\/onbranding.es\/equipo\/\" target=\"_blank\" rel=\"noopener noreferrer\" class=\"broken_link\">Selva Orejon<\/a>, Fundadora y Directora Ejecutiva de onbranding,espacio de consulta que ayuda a comunicar, proteger y defender proyectos y marcas en Internet<\/p>\n<p><img loading=\"lazy\" class=\"alignnone wp-image-281 \" src=\"https:\/\/llefia.org\/wpforum\/wp-content\/uploads\/sites\/10\/2012\/07\/icono-video-150x150.png\" alt=\"\" width=\"23\" height=\"23\" srcset=\"https:\/\/llefia.org\/wpforum\/wp-content\/uploads\/sites\/10\/2012\/07\/icono-video-150x150.png 150w, https:\/\/llefia.org\/wpforum\/wp-content\/uploads\/sites\/10\/2012\/07\/icono-video-300x300.png 300w, https:\/\/llefia.org\/wpforum\/wp-content\/uploads\/sites\/10\/2012\/07\/icono-video-100x100.png 100w, https:\/\/llefia.org\/wpforum\/wp-content\/uploads\/sites\/10\/2012\/07\/icono-video.png 512w\" sizes=\"(max-width: 23px) 100vw, 23px\" \/><a href=\"https:\/\/vimeo.com\/98380075?width=1080\" data-rel=\"lightbox-video-2\" target=\"_blank\" rel=\"noopener noreferrer\">Video presentaci\u00f3<\/a><\/p>\n<p><strong><a href=\"https:\/\/www.slideshare.net\/opaloa\/presentacio-23728057\"><img loading=\"lazy\" src=\"https:\/\/encrypted-tbn3.gstatic.com\/images?q=tbn:ANd9GcTfqZN-usjFgkZeH6FCt0p6wMjeD5_l0kaxvV1vh2mV-R4qLVBJVKP-B30\" alt=\"\" width=\"27\" height=\"29\"><\/a>::<a href=\"https:\/\/www.slideshare.net\/opaloa\/presentacio-23728057\" target=\"_blank\" rel=\"noopener noreferrer\">Projecte Mediateca m\u00f2bil<\/a> <\/strong>a c\u00e0rrec de Toni Dom\u00e8nech, plataforma Bufal\u00e0<strong><br><\/strong><\/p>\n<p><img loading=\"lazy\" class=\"alignnone wp-image-281 \" src=\"https:\/\/llefia.org\/wpforum\/wp-content\/uploads\/sites\/10\/2012\/07\/icono-video-150x150.png\" alt=\"\" width=\"23\" height=\"23\" srcset=\"https:\/\/llefia.org\/wpforum\/wp-content\/uploads\/sites\/10\/2012\/07\/icono-video-150x150.png 150w, https:\/\/llefia.org\/wpforum\/wp-content\/uploads\/sites\/10\/2012\/07\/icono-video-300x300.png 300w, https:\/\/llefia.org\/wpforum\/wp-content\/uploads\/sites\/10\/2012\/07\/icono-video-100x100.png 100w, https:\/\/llefia.org\/wpforum\/wp-content\/uploads\/sites\/10\/2012\/07\/icono-video.png 512w\" sizes=\"(max-width: 23px) 100vw, 23px\" \/><a href=\"https:\/\/vimeo.com\/98380068?width=1080\" data-rel=\"lightbox-video-3\" target=\"_blank\" rel=\"noopener noreferrer\">Video presentaci\u00f3<\/a><\/p>\n<p><a href=\"https:\/\/youtu.be\/bygScYf76fA\" data-rel=\"lightbox-video-4\" target=\"_blank\" rel=\"noopener noreferrer\"><img loading=\"lazy\" src=\"https:\/\/encrypted-tbn3.gstatic.com\/images?q=tbn:ANd9GcTbnCx8duq2kaYrMITG9qC4s5IL_LpXyDNZrDcnM0pDo02ZbK4VLA\" alt=\"\" width=\"25\" height=\"25\">Video Mediateca<\/a><\/p>\n<p><a href=\"https:\/\/www.llefia.org\/forum\/docs\/2013\/Presentacion_guifinet_mesh.odp\" target=\"_blank\" rel=\"noopener noreferrer\"><img loading=\"lazy\" class=\"alignleft size-full wp-image-294\" src=\"https:\/\/llefia.org\/wpforum\/wp-content\/uploads\/sites\/10\/2012\/07\/images.jpg\" alt=\"\" width=\"22\" height=\"25\"><\/a><strong>:: <\/strong><a href=\"https:\/\/www.llefia.org\/forum\/docs\/2013\/Presentacion_guifinet_mesh.odp\" target=\"_blank\" rel=\"noopener noreferrer\"><strong>Taula rodona Wifi-lliure i xarxes mesh<\/strong><\/a> a c\u00e0rrec de Joep M\u00aa Moles, de <a href=\"https:\/\/guifi.net\/badalona\" target=\"_blank\" rel=\"noopener noreferrer\">guifi.net<\/a><\/p>\n<p><strong>&gt;&gt;Documents anterior edici\u00f3 XII F\u00f2rum TIC Social 2012<\/strong><\/p>\n<p><strong>::Taula rodona Wifi-lliure, una filosofia diferent d\u2019acc\u00e9s a la xarxa<\/strong><br>&#8211;<a href=\"https:\/\/issuu.com\/omniumbdn\/docs\/wifiomnium\" target=\"_blank\" rel=\"noopener noreferrer\" class=\"broken_link\">Desplegament xarxa oberta diada Sant Jordi<\/a> per Roger Melcior, <a href=\"https:\/\/llefia.org\/blog\/forum\/wp-admin\/badalona.omnium.cat\/\" target=\"_blank\" rel=\"noopener noreferrer\" class=\"broken_link\">Omnium Cultural<\/a><\/p>\n<p><strong>::Mitjans de comunicaci\u00f3 local i la web 2.0<\/strong><\/p>\n<p>&#8211;<a href=\"https:\/\/issuu.com\/llefia\/docs\/badanotisweb20?mode=window&amp;viewMode=doublePage\" target=\"_blank\" rel=\"noopener noreferrer\" class=\"broken_link\">Presentaci\u00f3 Badanotis<\/a>, diari digital de Badalona i Sant Adri\u00e0 de Bes\u00f2s<\/p>\n<p><strong>::Presentaci\u00f3 webs ciutadanes: <\/strong><a href=\"https:\/\/issuu.com\/llefia\/docs\/xerradaxiiforumticsocialllefia?mode=window&amp;viewMode=doublePage\" target=\"_blank\" rel=\"noopener noreferrer\" class=\"broken_link\">El Temps dels Aficionats<\/a>, Associaci\u00f3 Ecometta<\/p>","protected":false},"excerpt":{"rendered":"<p>&gt;&gt;Documents i videos XXIII F\u00f2rum TIC Social 2024 Impacte social de la Intel\u00b7lig\u00e8ncia Artificial xerrada col\u00b7loqui amb &nbsp;Ariel Guersenzvaig,&nbsp;Xavier Vinaixa&nbsp;i&nbsp;David Rodenas. Pantalles a les escoles? quin \u00e9s el seu preu? a c\u00e0rrec de Marina Gispert membre de la plataforma Aixeca el cap plataforma per un \u00fas responsable i regulat de les pantalles. Troba el que [&hellip;]<\/p>\n","protected":false},"author":1,"featured_media":0,"parent":0,"menu_order":0,"comment_status":"closed","ping_status":"closed","template":"","meta":[],"_links":{"self":[{"href":"https:\/\/llefia.org\/wpforum\/wp-json\/wp\/v2\/pages\/168"}],"collection":[{"href":"https:\/\/llefia.org\/wpforum\/wp-json\/wp\/v2\/pages"}],"about":[{"href":"https:\/\/llefia.org\/wpforum\/wp-json\/wp\/v2\/types\/page"}],"author":[{"embeddable":true,"href":"https:\/\/llefia.org\/wpforum\/wp-json\/wp\/v2\/users\/1"}],"replies":[{"embeddable":true,"href":"https:\/\/llefia.org\/wpforum\/wp-json\/wp\/v2\/comments?post=168"}],"version-history":[{"count":108,"href":"https:\/\/llefia.org\/wpforum\/wp-json\/wp\/v2\/pages\/168\/revisions"}],"predecessor-version":[{"id":2038,"href":"https:\/\/llefia.org\/wpforum\/wp-json\/wp\/v2\/pages\/168\/revisions\/2038"}],"wp:attachment":[{"href":"https:\/\/llefia.org\/wpforum\/wp-json\/wp\/v2\/media?parent=168"}],"curies":[{"name":"wp","href":"https:\/\/api.w.org\/{rel}","templated":true}]}}