{"id":1938,"date":"2024-06-25T17:26:20","date_gmt":"2024-06-25T17:26:20","guid":{"rendered":"https:\/\/llefia.org\/wpforum\/?page_id=1938"},"modified":"2024-07-06T07:34:37","modified_gmt":"2024-07-06T07:34:37","slug":"programa-4","status":"publish","type":"page","link":"https:\/\/llefia.org\/wpforum\/programa-4\/","title":{"rendered":"Programa"},"content":{"rendered":"\n<h3><strong>Vine a gaudir d\u2019un Vespre digital a la fresca a la Pl Trafalgar&nbsp;<\/strong><\/h3>\n\n\n\n<p><strong>::19h<\/strong> Xerrada col\u00b7loqui sobre <strong>impacte social de la Intel\u00b7lig\u00e8ncia Artificial<\/strong>, amb <strong><a rel=\"noreferrer noopener\" href=\"https:\/\/mobile.x.com\/interacciones\" target=\"_blank\">Ariel Guersenzvaig<\/a>, <a rel=\"noreferrer noopener\" href=\"https:\/\/x.com\/xaviviro\" target=\"_blank\">Xavier Vinaixa<\/a> i <a href=\"https:\/\/x.com\/drpicox\" target=\"_blank\" rel=\"noreferrer noopener\">David Rodenas<\/a>.<\/strong><\/p>\n\n\n\n<p><strong>::19:30h<\/strong> <strong>Pantalles a l&#8217;escola<\/strong>, \u00fas segur i saludable dels tel\u00e8fons m\u00f2bils, d&#8217;internet i les TIC a casa i a les escoles, a c\u00e0rrec de <strong>Marina Gispert i Sara Mir<\/strong>, membres <strong><a rel=\"noreferrer noopener\" href=\"https:\/\/aixecaelcap.cat\/\" target=\"_blank\" class=\"broken_link\">#Aixeca el cap<\/a>, plataforma per un \u00fas responsable i regulat de les pantalles<\/strong>.<\/p>\n\n\n\n<p><strong>::20:00h<\/strong> <strong>Troba el que busques<\/strong>, <a href=\"http:\/\/ateneubnord.cat\/mapa\/\" class=\"broken_link\">mapeig<\/a> de l&#8217;economia social i solid\u00e0ria i les iniciatives de <a href=\"http:\/\/www.periferica.cat\/\" class=\"broken_link\">cultura Perif\u00e8rica<\/a> amb <strong>David G\u00f3mez<\/strong> membre de l&#8217;<a href=\"http:\/\/ateneubnord.cat\/\" class=\"broken_link\">Ateneu Cooperatiu del Barcelon\u00e8s Nord<\/a><\/p>\n\n\n\n<p><strong>::20:30h<\/strong> <strong>Coneixes el teixit associatiu de Badalona?<\/strong> opendata fet i al servei dels ciutadans, a c\u00e0rrec de <strong>Jos\u00e9 Enrique S\u00e1nchez Moral<\/strong>, impulsor del <a rel=\"noreferrer noopener\" href=\"https:\/\/x.com\/ProjEntBdn\" data-type=\"URL\" data-id=\"https:\/\/x.com\/ProjEntBdn\" target=\"_blank\">projecte Entitats de Badalona<\/a>, projecte dedicat a actualitzar i fer accessible la informaci\u00f3 de les entitats de Badalona.<\/p>\n\n\n\n<p>:<strong>:21:30h<\/strong> <strong>Concert Jove<\/strong>, amb <strong>Medea<\/strong> (rock dels 60-80 ), <strong>Martina Vivas<\/strong> (covers i m\u00fasica pop) i Las <strong>Dj&#8217;s Sindi<\/strong><\/p>\n\n\n\n<p><\/p>\n","protected":false},"excerpt":{"rendered":"<p>Vine a gaudir d\u2019un Vespre digital a la fresca a la Pl Trafalgar&nbsp; ::19h Xerrada col\u00b7loqui sobre impacte social de la Intel\u00b7lig\u00e8ncia Artificial, amb Ariel Guersenzvaig, Xavier Vinaixa i David Rodenas. ::19:30h Pantalles a l&#8217;escola, \u00fas segur i saludable dels tel\u00e8fons m\u00f2bils, d&#8217;internet i les TIC a casa i a les escoles, a c\u00e0rrec de [&hellip;]<\/p>\n","protected":false},"author":15,"featured_media":0,"parent":0,"menu_order":0,"comment_status":"closed","ping_status":"closed","template":"","meta":[],"_links":{"self":[{"href":"https:\/\/llefia.org\/wpforum\/wp-json\/wp\/v2\/pages\/1938"}],"collection":[{"href":"https:\/\/llefia.org\/wpforum\/wp-json\/wp\/v2\/pages"}],"about":[{"href":"https:\/\/llefia.org\/wpforum\/wp-json\/wp\/v2\/types\/page"}],"author":[{"embeddable":true,"href":"https:\/\/llefia.org\/wpforum\/wp-json\/wp\/v2\/users\/15"}],"replies":[{"embeddable":true,"href":"https:\/\/llefia.org\/wpforum\/wp-json\/wp\/v2\/comments?post=1938"}],"version-history":[{"count":13,"href":"https:\/\/llefia.org\/wpforum\/wp-json\/wp\/v2\/pages\/1938\/revisions"}],"predecessor-version":[{"id":1965,"href":"https:\/\/llefia.org\/wpforum\/wp-json\/wp\/v2\/pages\/1938\/revisions\/1965"}],"wp:attachment":[{"href":"https:\/\/llefia.org\/wpforum\/wp-json\/wp\/v2\/media?parent=1938"}],"curies":[{"name":"wp","href":"https:\/\/api.w.org\/{rel}","templated":true}]}}